

{"id":10836,"date":"2023-08-21T13:05:12","date_gmt":"2023-08-21T11:05:12","guid":{"rendered":"https:\/\/www.rand-oz.fr\/?page_id=10836"},"modified":"2023-08-27T17:46:48","modified_gmt":"2023-08-27T15:46:48","slug":"mentions-legales-2","status":"publish","type":"page","link":"https:\/\/www.rand-oz.fr\/?page_id=10836","title":{"rendered":"Mentions l\u00e9gales"},"content":{"rendered":"\t\t<div data-elementor-type=\"wp-page\" data-elementor-id=\"10836\" class=\"elementor elementor-10836\">\n\t\t\t\t\t\t<section class=\"elementor-section elementor-top-section elementor-element elementor-element-36633b52 elementor-section-boxed elementor-section-height-default elementor-section-height-default\" data-id=\"36633b52\" data-element_type=\"section\" data-e-type=\"section\">\n\t\t\t\t\t\t<div class=\"elementor-container elementor-column-gap-default\">\n\t\t\t\t\t<div class=\"elementor-column elementor-col-100 elementor-top-column elementor-element elementor-element-15fd5103\" data-id=\"15fd5103\" data-element_type=\"column\" data-e-type=\"column\">\n\t\t\t<div class=\"elementor-widget-wrap elementor-element-populated\">\n\t\t\t\t\t\t<div class=\"elementor-element elementor-element-3e9bd0b2 elementor-widget elementor-widget-text-editor\" data-id=\"3e9bd0b2\" data-element_type=\"widget\" data-e-type=\"widget\" data-widget_type=\"text-editor.default\">\n\t\t\t\t<div class=\"elementor-widget-container\">\n\t\t\t\t\t\t\t\t\t<p><span style=\"color: #000000;\"><strong>Immatriculation :<\/strong><\/span><br \/><span style=\"color: #000000;\">Pr\u00e9fecture de Police de Paris<\/span><br \/><span style=\"color: #000000;\">N\u00b0 W751189395<\/span><\/p><p><strong><span style=\"color: #000000;\">Adresse du si\u00e8ge :<\/span><\/strong><br \/><span style=\"color: #000000;\">Rand&#8217;oz<\/span><br \/><span style=\"color: #000000;\">MDA du 9\u00e8me<\/span><br \/><span style=\"color: #000000;\">BN 16<\/span><br \/><span style=\"color: #000000;\">54 rue J.B. Pigalle<\/span><br \/><span style=\"color: #000000;\">75009 PARIS<\/span><\/p><p><strong><span style=\"color: #000000;\">Adresse mail :<\/span><\/strong><br \/><span style=\"color: #000000;\">contact@rand-oz.fr<\/span><\/p><p><strong><span style=\"color: #000000;\">Agr\u00e9ment tourisme :<\/span><\/strong><br \/><span style=\"color: #000000;\">Rand&#8217;oz est rattach\u00e9 au Comit\u00e9 R\u00e9gional de la Randonn\u00e9e P\u00e9destre d\u2019\u00cele-de-France, association b\u00e9n\u00e9ficiaire de l&#8217;Immatriculation Tourisme f\u00e9d\u00e9rale de la F\u00e9d\u00e9ration Fran\u00e7aise de la Randonn\u00e9e P\u00e9destre 64, rue du Dessous des Berges 75013 Paris.<\/span><br \/><span style=\"color: #000000;\">Num\u00e9ro d\u2019immatriculation : IM075100382 T\u00e9l. 01 44 89 93 90<\/span><br \/><span style=\"color: #000000;\">CENTRE D&#8217;INFORMATION: t\u00e9l. 01 44 89 93 93<\/span><br \/><span style=\"color: #000000;\">La F\u00e9d\u00e9ration Fran\u00e7aise de la Randonn\u00e9e P\u00e9destre est une Association reconnue d&#8217;utilit\u00e9 publique. agr\u00e9\u00e9e et d\u00e9l\u00e9gataire du Minist\u00e8re charg\u00e9 des Sports pour la randonn\u00e9e p\u00e9destre et le Longe C\u00f4te. Membre du Comit\u00e9 National Olympique et Sportif Fran\u00e7ais et de la F\u00e9d\u00e9ration Europ\u00e9enne de la Randonn\u00e9e P\u00e9destre.<\/span><br \/><span style=\"color: #000000;\">Code APE : 9319Z \u2013 SIRET : 303 588 164 0005<\/span><\/p><p><strong><span style=\"color: #000000;\">H\u00e9bergement :<\/span><\/strong><br \/><span style=\"color: #000000;\">O2Switch<\/span><br \/><span style=\"color: #000000;\">222 Boulevard Gustave Flaubert<\/span><br \/><span style=\"color: #000000;\">63000 Clermont-Ferrand<\/span><\/p><p><strong><span style=\"color: #000000;\">Cr\u00e9dits images :<\/span><\/strong><br \/><span style=\"color: #000000;\"><a style=\"color: #000000;\" href=\"https:\/\/www.canstockphoto.fr\/neyro2008\">(c) Can Stock Photo \/ neyro2008<\/a><\/span><br \/><span style=\"color: #000000;\"><a style=\"color: #000000;\" href=\"https:\/\/www.canstockphoto.fr\/intararit\/\">(c) Can Stock Photo \/ intararit<\/a><\/span><\/p>\t\t\t\t\t\t\t\t<\/div>\n\t\t\t\t<\/div>\n\t\t\t\t\t<\/div>\n\t\t<\/div>\n\t\t\t\t\t<\/div>\n\t\t<\/section>\n\t\t\t\t<section class=\"elementor-section elementor-top-section elementor-element elementor-element-6c1ef30b elementor-section-boxed elementor-section-height-default elementor-section-height-default\" data-id=\"6c1ef30b\" data-element_type=\"section\" data-e-type=\"section\">\n\t\t\t\t\t\t<div class=\"elementor-container elementor-column-gap-default\">\n\t\t\t\t\t<div class=\"elementor-column elementor-col-100 elementor-top-column elementor-element elementor-element-68f30893\" data-id=\"68f30893\" data-element_type=\"column\" data-e-type=\"column\">\n\t\t\t<div class=\"elementor-widget-wrap elementor-element-populated\">\n\t\t\t\t\t\t<div class=\"elementor-element elementor-element-551bfccb elementor-widget elementor-widget-spacer\" data-id=\"551bfccb\" data-element_type=\"widget\" data-e-type=\"widget\" data-widget_type=\"spacer.default\">\n\t\t\t\t<div class=\"elementor-widget-container\">\n\t\t\t\t\t\t\t<div class=\"elementor-spacer\">\n\t\t\t<div class=\"elementor-spacer-inner\"><\/div>\n\t\t<\/div>\n\t\t\t\t\t\t<\/div>\n\t\t\t\t<\/div>\n\t\t\t\t\t<\/div>\n\t\t<\/div>\n\t\t\t\t\t<\/div>\n\t\t<\/section>\n\t\t\t\t<section class=\"elementor-section elementor-top-section elementor-element elementor-element-2a0e1c80 elementor-section-boxed elementor-section-height-default elementor-section-height-default\" data-id=\"2a0e1c80\" data-element_type=\"section\" data-e-type=\"section\">\n\t\t\t\t\t\t<div class=\"elementor-container elementor-column-gap-default\">\n\t\t\t\t\t<div class=\"elementor-column elementor-col-100 elementor-top-column elementor-element elementor-element-6392de4\" data-id=\"6392de4\" data-element_type=\"column\" data-e-type=\"column\">\n\t\t\t<div class=\"elementor-widget-wrap elementor-element-populated\">\n\t\t\t\t\t\t<div class=\"elementor-element elementor-element-450f746d elementor-widget elementor-widget-spacer\" data-id=\"450f746d\" data-element_type=\"widget\" data-e-type=\"widget\" data-widget_type=\"spacer.default\">\n\t\t\t\t<div class=\"elementor-widget-container\">\n\t\t\t\t\t\t\t<div class=\"elementor-spacer\">\n\t\t\t<div class=\"elementor-spacer-inner\"><\/div>\n\t\t<\/div>\n\t\t\t\t\t\t<\/div>\n\t\t\t\t<\/div>\n\t\t\t\t\t<\/div>\n\t\t<\/div>\n\t\t\t\t\t<\/div>\n\t\t<\/section>\n\t\t\t\t<section class=\"elementor-section elementor-top-section elementor-element elementor-element-3ef46444 elementor-section-boxed elementor-section-height-default elementor-section-height-default\" data-id=\"3ef46444\" data-element_type=\"section\" data-e-type=\"section\">\n\t\t\t\t\t\t<div class=\"elementor-container elementor-column-gap-default\">\n\t\t\t\t\t<div class=\"elementor-column elementor-col-100 elementor-top-column elementor-element elementor-element-72b138a\" data-id=\"72b138a\" data-element_type=\"column\" data-e-type=\"column\">\n\t\t\t<div class=\"elementor-widget-wrap elementor-element-populated\">\n\t\t\t\t\t\t<div class=\"elementor-element elementor-element-42c6d8f3 elementor-view-default elementor-widget elementor-widget-icon\" data-id=\"42c6d8f3\" data-element_type=\"widget\" data-e-type=\"widget\" data-widget_type=\"icon.default\">\n\t\t\t\t<div class=\"elementor-widget-container\">\n\t\t\t\t\t\t\t<div class=\"elementor-icon-wrapper\">\n\t\t\t<a class=\"elementor-icon\" href=\"http:\/\/rand-oz.fr\">\n\t\t\t<i aria-hidden=\"true\" class=\"fas fa-home\"><\/i>\t\t\t<\/a>\n\t\t<\/div>\n\t\t\t\t\t\t<\/div>\n\t\t\t\t<\/div>\n\t\t\t\t\t<\/div>\n\t\t<\/div>\n\t\t\t\t\t<\/div>\n\t\t<\/section>\n\t\t\t\t<\/div>\n\t\t","protected":false},"excerpt":{"rendered":"<p>Immatriculation :Pr\u00e9fecture de Police de ParisN\u00b0 W751189395 Adresse du si\u00e8ge :Rand&#8217;ozMDA du 9\u00e8meBN 1654 rue J.B. Pigalle75009 PARIS Adresse mail :contact@rand-oz.fr Agr\u00e9ment tourisme :Rand&#8217;oz est rattach\u00e9 au Comit\u00e9 R\u00e9gional de la Randonn\u00e9e P\u00e9destre d\u2019\u00cele-de-France, association b\u00e9n\u00e9ficiaire de l&#8217;Immatriculation Tourisme f\u00e9d\u00e9rale de la F\u00e9d\u00e9ration Fran\u00e7aise de la Randonn\u00e9e P\u00e9destre 64, rue du Dessous des Berges 75013 [&hellip;]<\/p>\n","protected":false},"author":291,"featured_media":0,"parent":0,"menu_order":0,"comment_status":"closed","ping_status":"closed","template":"","meta":{"site-sidebar-layout":"no-sidebar","site-content-layout":"page-builder","ast-site-content-layout":"default","site-content-style":"default","site-sidebar-style":"default","ast-global-header-display":"","ast-banner-title-visibility":"","ast-main-header-display":"","ast-hfb-above-header-display":"","ast-hfb-below-header-display":"","ast-hfb-mobile-header-display":"","site-post-title":"","ast-breadcrumbs-content":"","ast-featured-img":"","footer-sml-layout":"","ast-disable-related-posts":"","theme-transparent-header-meta":"default","adv-header-id-meta":"","stick-header-meta":"","header-above-stick-meta":"","header-main-stick-meta":"","header-below-stick-meta":"","astra-migrate-meta-layouts":"set","ast-page-background-enabled":"default","ast-page-background-meta":{"desktop":{"background-color":"var(--ast-global-color-4)","background-image":"","background-repeat":"repeat","background-position":"center center","background-size":"auto","background-attachment":"scroll","background-type":"","background-media":"","overlay-type":"","overlay-color":"","overlay-opacity":"","overlay-gradient":""},"tablet":{"background-color":"","background-image":"","background-repeat":"repeat","background-position":"center center","background-size":"auto","background-attachment":"scroll","background-type":"","background-media":"","overlay-type":"","overlay-color":"","overlay-opacity":"","overlay-gradient":""},"mobile":{"background-color":"","background-image":"","background-repeat":"repeat","background-position":"center center","background-size":"auto","background-attachment":"scroll","background-type":"","background-media":"","overlay-type":"","overlay-color":"","overlay-opacity":"","overlay-gradient":""}},"ast-content-background-meta":{"desktop":{"background-color":"var(--ast-global-color-5)","background-image":"","background-repeat":"repeat","background-position":"center center","background-size":"auto","background-attachment":"scroll","background-type":"","background-media":"","overlay-type":"","overlay-color":"","overlay-opacity":"","overlay-gradient":""},"tablet":{"background-color":"var(--ast-global-color-5)","background-image":"","background-repeat":"repeat","background-position":"center center","background-size":"auto","background-attachment":"scroll","background-type":"","background-media":"","overlay-type":"","overlay-color":"","overlay-opacity":"","overlay-gradient":""},"mobile":{"background-color":"var(--ast-global-color-5)","background-image":"","background-repeat":"repeat","background-position":"center center","background-size":"auto","background-attachment":"scroll","background-type":"","background-media":"","overlay-type":"","overlay-color":"","overlay-opacity":"","overlay-gradient":""}},"footnotes":""},"class_list":["post-10836","page","type-page","status-publish","hentry"],"_links":{"self":[{"href":"https:\/\/www.rand-oz.fr\/index.php?rest_route=\/wp\/v2\/pages\/10836","targetHints":{"allow":["GET"]}}],"collection":[{"href":"https:\/\/www.rand-oz.fr\/index.php?rest_route=\/wp\/v2\/pages"}],"about":[{"href":"https:\/\/www.rand-oz.fr\/index.php?rest_route=\/wp\/v2\/types\/page"}],"author":[{"embeddable":true,"href":"https:\/\/www.rand-oz.fr\/index.php?rest_route=\/wp\/v2\/users\/291"}],"replies":[{"embeddable":true,"href":"https:\/\/www.rand-oz.fr\/index.php?rest_route=%2Fwp%2Fv2%2Fcomments&post=10836"}],"version-history":[{"count":16,"href":"https:\/\/www.rand-oz.fr\/index.php?rest_route=\/wp\/v2\/pages\/10836\/revisions"}],"predecessor-version":[{"id":11452,"href":"https:\/\/www.rand-oz.fr\/index.php?rest_route=\/wp\/v2\/pages\/10836\/revisions\/11452"}],"wp:attachment":[{"href":"https:\/\/www.rand-oz.fr\/index.php?rest_route=%2Fwp%2Fv2%2Fmedia&parent=10836"}],"curies":[{"name":"wp","href":"https:\/\/api.w.org\/{rel}","templated":true}]}}