

{"id":11513,"date":"2023-08-29T10:41:02","date_gmt":"2023-08-29T08:41:02","guid":{"rendered":"https:\/\/www.rand-oz.fr\/?page_id=11513"},"modified":"2025-08-21T11:00:02","modified_gmt":"2025-08-21T09:00:02","slug":"faq-bis","status":"publish","type":"page","link":"https:\/\/www.rand-oz.fr\/?page_id=11513","title":{"rendered":"FAQ"},"content":{"rendered":"\t\t<div data-elementor-type=\"wp-page\" data-elementor-id=\"11513\" class=\"elementor elementor-11513\">\n\t\t\t\t\t\t<section class=\"elementor-section elementor-top-section elementor-element elementor-element-516733f6 elementor-section-boxed elementor-section-height-default elementor-section-height-default\" data-id=\"516733f6\" data-element_type=\"section\" data-e-type=\"section\">\n\t\t\t\t\t\t<div class=\"elementor-container elementor-column-gap-default\">\n\t\t\t\t\t<div class=\"elementor-column elementor-col-100 elementor-top-column elementor-element elementor-element-1d8d606d\" data-id=\"1d8d606d\" data-element_type=\"column\" data-e-type=\"column\">\n\t\t\t<div class=\"elementor-widget-wrap elementor-element-populated\">\n\t\t\t\t\t\t<div class=\"elementor-element elementor-element-59f8ea4d elementor-widget elementor-widget-spacer\" data-id=\"59f8ea4d\" data-element_type=\"widget\" data-e-type=\"widget\" data-widget_type=\"spacer.default\">\n\t\t\t\t<div class=\"elementor-widget-container\">\n\t\t\t\t\t\t\t<div class=\"elementor-spacer\">\n\t\t\t<div class=\"elementor-spacer-inner\"><\/div>\n\t\t<\/div>\n\t\t\t\t\t\t<\/div>\n\t\t\t\t<\/div>\n\t\t\t\t\t<\/div>\n\t\t<\/div>\n\t\t\t\t\t<\/div>\n\t\t<\/section>\n\t\t\t\t<section class=\"elementor-section elementor-top-section elementor-element elementor-element-6e444b42 elementor-section-boxed elementor-section-height-default elementor-section-height-default\" data-id=\"6e444b42\" data-element_type=\"section\" data-e-type=\"section\">\n\t\t\t\t\t\t<div class=\"elementor-container elementor-column-gap-default\">\n\t\t\t\t\t<div class=\"elementor-column elementor-col-100 elementor-top-column elementor-element elementor-element-2616482f\" data-id=\"2616482f\" data-element_type=\"column\" data-e-type=\"column\">\n\t\t\t<div class=\"elementor-widget-wrap elementor-element-populated\">\n\t\t\t\t\t\t<div class=\"elementor-element elementor-element-2469c689 elementor-widget elementor-widget-heading\" data-id=\"2469c689\" data-element_type=\"widget\" data-e-type=\"widget\" data-widget_type=\"heading.default\">\n\t\t\t\t<div class=\"elementor-widget-container\">\n\t\t\t\t\t<h2 class=\"elementor-heading-title elementor-size-xxl\">Foire aux questions<\/h2>\t\t\t\t<\/div>\n\t\t\t\t<\/div>\n\t\t\t\t\t<\/div>\n\t\t<\/div>\n\t\t\t\t\t<\/div>\n\t\t<\/section>\n\t\t\t\t<section class=\"elementor-section elementor-top-section elementor-element elementor-element-7abfa80f elementor-section-boxed elementor-section-height-default elementor-section-height-default\" data-id=\"7abfa80f\" data-element_type=\"section\" data-e-type=\"section\">\n\t\t\t\t\t\t<div class=\"elementor-container elementor-column-gap-default\">\n\t\t\t\t\t<div class=\"elementor-column elementor-col-100 elementor-top-column elementor-element elementor-element-3d2c9581\" data-id=\"3d2c9581\" data-element_type=\"column\" data-e-type=\"column\">\n\t\t\t<div class=\"elementor-widget-wrap elementor-element-populated\">\n\t\t\t\t\t\t<div class=\"elementor-element elementor-element-5158d2ad elementor-widget elementor-widget-spacer\" data-id=\"5158d2ad\" data-element_type=\"widget\" data-e-type=\"widget\" data-widget_type=\"spacer.default\">\n\t\t\t\t<div class=\"elementor-widget-container\">\n\t\t\t\t\t\t\t<div class=\"elementor-spacer\">\n\t\t\t<div class=\"elementor-spacer-inner\"><\/div>\n\t\t<\/div>\n\t\t\t\t\t\t<\/div>\n\t\t\t\t<\/div>\n\t\t\t\t\t<\/div>\n\t\t<\/div>\n\t\t\t\t\t<\/div>\n\t\t<\/section>\n\t\t\t\t<section class=\"elementor-section elementor-top-section elementor-element elementor-element-4ca76552 elementor-section-boxed elementor-section-height-default elementor-section-height-default\" data-id=\"4ca76552\" data-element_type=\"section\" data-e-type=\"section\">\n\t\t\t\t\t\t<div class=\"elementor-container elementor-column-gap-default\">\n\t\t\t\t\t<div class=\"elementor-column elementor-col-100 elementor-top-column elementor-element elementor-element-65a57656\" data-id=\"65a57656\" data-element_type=\"column\" data-e-type=\"column\">\n\t\t\t<div class=\"elementor-widget-wrap elementor-element-populated\">\n\t\t\t\t\t\t<div class=\"elementor-element elementor-element-5449da76 elementor-widget elementor-widget-heading\" data-id=\"5449da76\" data-element_type=\"widget\" data-e-type=\"widget\" data-widget_type=\"heading.default\">\n\t\t\t\t<div class=\"elementor-widget-container\">\n\t\t\t\t\t<h2 class=\"elementor-heading-title elementor-size-default\">Rando &amp; nature<\/h2>\t\t\t\t<\/div>\n\t\t\t\t<\/div>\n\t\t\t\t\t<\/div>\n\t\t<\/div>\n\t\t\t\t\t<\/div>\n\t\t<\/section>\n\t\t\t\t<section class=\"elementor-section elementor-top-section elementor-element elementor-element-5213ce03 elementor-section-boxed elementor-section-height-default elementor-section-height-default\" data-id=\"5213ce03\" data-element_type=\"section\" data-e-type=\"section\">\n\t\t\t\t\t\t<div class=\"elementor-container elementor-column-gap-default\">\n\t\t\t\t\t<div class=\"elementor-column elementor-col-100 elementor-top-column elementor-element elementor-element-37eb54fb\" data-id=\"37eb54fb\" data-element_type=\"column\" data-e-type=\"column\">\n\t\t\t<div class=\"elementor-widget-wrap elementor-element-populated\">\n\t\t\t\t\t\t<div class=\"elementor-element elementor-element-21a416ab elementor-widget elementor-widget-toggle\" data-id=\"21a416ab\" data-element_type=\"widget\" data-e-type=\"widget\" data-widget_type=\"toggle.default\">\n\t\t\t\t<div class=\"elementor-widget-container\">\n\t\t\t\t\t\t\t<div class=\"elementor-toggle\">\n\t\t\t\t\t\t\t<div class=\"elementor-toggle-item\">\n\t\t\t\t\t<div id=\"elementor-tab-title-5641\" class=\"elementor-tab-title\" data-tab=\"1\" role=\"button\" aria-controls=\"elementor-tab-content-5641\" aria-expanded=\"false\">\n\t\t\t\t\t\t\t\t\t\t\t\t<span class=\"elementor-toggle-icon elementor-toggle-icon-left\" aria-hidden=\"true\">\n\t\t\t\t\t\t\t\t\t\t\t\t\t\t\t<span class=\"elementor-toggle-icon-closed\"><i class=\"fas fa-caret-right\"><\/i><\/span>\n\t\t\t\t\t\t\t\t<span class=\"elementor-toggle-icon-opened\"><i class=\"elementor-toggle-icon-opened fas fa-caret-up\"><\/i><\/span>\n\t\t\t\t\t\t\t\t\t\t\t\t\t<\/span>\n\t\t\t\t\t\t\t\t\t\t\t\t<a class=\"elementor-toggle-title\" tabindex=\"0\">Quelles sont les r\u00e8gles \u00e0 respecter ?<\/a>\n\t\t\t\t\t<\/div>\n\n\t\t\t\t\t<div id=\"elementor-tab-content-5641\" class=\"elementor-tab-content elementor-clearfix\" data-tab=\"1\" role=\"region\" aria-labelledby=\"elementor-tab-title-5641\"><div class=\"entry-content clear\"><p class=\"entry-header ast-no-thumbnail ast-header-without-markup\"><strong>Charte du randonneur<br \/><\/strong><br \/>La<span style=\"font-size: 16px;\"> nature est notre \u201cterrain de jeu\u201d, alors respectons la.<\/span><\/p><p>Quelques\u00a0conseils \u00e0 suivre pour limiter l\u2019impact de nos randonn\u00e9es sur notre environnement\u2026<\/p><ul><li>Respectons les espaces prot\u00e9g\u00e9s (r\u00e9glementation des parcs nationaux et r\u00e9gionaux notamment),<\/li><li>Restons sur les sentiers, \u00e9vitons de prendre des raccourcis (\u00e9rosion, pi\u00e9tinement des esp\u00e8ces\u2026),<\/li><li>Refermons les cl\u00f4tures et barri\u00e8res,<\/li><li>R\u00e9cup\u00e9rons nos d\u00e9chets, m\u00eame les d\u00e9chets biod\u00e9gradables (\u00e9pluchures),<\/li><li>Partageons les espaces naturels avec d\u2019autres activit\u00e9s (notamment la chasse),<\/li><li>Ne cueillons pas les fleurs,<\/li><li>Soyons discrets,<\/li><li>Ne faisons pas de feux.<\/li><\/ul><p>Plus d&#8217;informations sur le <a href=\"https:\/\/www.ffrandonnee.fr\/randonner\/securite\/la-charte-du-randonneur-de-la-ffrandonnee?q=charte%20du%20randonneur&amp;docid=5215\" target=\"_blank\" rel=\"noopener\">site de la f\u00e9d\u00e9ration<\/a>.<\/p><p>\u00a0<\/p><\/div><\/div>\n\t\t\t\t<\/div>\n\t\t\t\t\t\t\t<div class=\"elementor-toggle-item\">\n\t\t\t\t\t<div id=\"elementor-tab-title-5642\" class=\"elementor-tab-title\" data-tab=\"2\" role=\"button\" aria-controls=\"elementor-tab-content-5642\" aria-expanded=\"false\">\n\t\t\t\t\t\t\t\t\t\t\t\t<span class=\"elementor-toggle-icon elementor-toggle-icon-left\" aria-hidden=\"true\">\n\t\t\t\t\t\t\t\t\t\t\t\t\t\t\t<span class=\"elementor-toggle-icon-closed\"><i class=\"fas fa-caret-right\"><\/i><\/span>\n\t\t\t\t\t\t\t\t<span class=\"elementor-toggle-icon-opened\"><i class=\"elementor-toggle-icon-opened fas fa-caret-up\"><\/i><\/span>\n\t\t\t\t\t\t\t\t\t\t\t\t\t<\/span>\n\t\t\t\t\t\t\t\t\t\t\t\t<a class=\"elementor-toggle-title\" tabindex=\"0\">Et dans les parcs nationaux ?<\/a>\n\t\t\t\t\t<\/div>\n\n\t\t\t\t\t<div id=\"elementor-tab-content-5642\" class=\"elementor-tab-content elementor-clearfix\" data-tab=\"2\" role=\"region\" aria-labelledby=\"elementor-tab-title-5642\"><p>Pour randonner dans les parcs nationaux :<\/p><ul><li>Suivre les sentiers et ne pas couper les lacets \u00e0 la descente,<\/li><li>Ne pas cueillir ou pr\u00e9lever de fleurs, de fruits, d&#8217;insectes ou de min\u00e9raux,<\/li><li>Ne pas troubler la tranquillit\u00e9 de la faune par des bruits, cris ou appareils sonores ou en vous approchant trop,<\/li><li>Ne pas amener de chien, m\u00eame en laisse,<\/li><li>Ne pas camper,<\/li><li>Ne pas allumer de feux,<\/li><li>Remporter tous vos d\u00e9tritus, m\u00eame lors d&#8217;un passage en refuge (y compris d\u00e9tritus &#8220;biod\u00e9gradables&#8221;),<\/li><li>Ne pas nourrir les animaux.<\/li><\/ul><p><strong>Liste des parcs nationaux<\/strong><\/p><table dir=\"ltr\" border=\"1\" width=\"267\" cellspacing=\"0\" cellpadding=\"7\"><tbody><tr><td valign=\"top\" width=\"33%\" height=\"6\"><p><strong>D\u00e9nomination\u00a0\u00a0<\/strong><\/p><\/td><td valign=\"top\" width=\"33%\" height=\"6\"><p><strong>Date de cr\u00e9ation\u00a0\u00a0<\/strong><\/p><\/td><td valign=\"top\" width=\"33%\" height=\"6\"><p><strong>R\u00e9gion\u00a0\u00a0<\/strong><\/p><\/td><\/tr><tr><td valign=\"top\" width=\"33%\" height=\"6\"><p><strong>Parc national de la Vanoise\u00a0\u00a0<\/strong><\/p><\/td><td valign=\"top\" width=\"33%\" height=\"6\"><p>6 juillet 1963\u00a0\u00a0<\/p><\/td><td valign=\"top\" width=\"33%\" height=\"6\"><p><strong>Rh\u00f4ne-Alpes\u00a0\u00a0<\/strong><\/p><\/td><\/tr><tr><td valign=\"top\" width=\"33%\" height=\"6\"><p><strong>Parc national de Port-Cros\u00a0\u00a0<\/strong><\/p><\/td><td valign=\"top\" width=\"33%\" height=\"6\"><p>14 d\u00e9cembre 1963\u00a0\u00a0<\/p><\/td><td valign=\"top\" width=\"33%\" height=\"6\"><p><strong>PACA\u00a0\u00a0<\/strong><\/p><\/td><\/tr><tr><td valign=\"top\" width=\"33%\" height=\"6\"><p><strong>Parc national des Pyr\u00e9n\u00e9es\u00a0\u00a0<\/strong><\/p><\/td><td valign=\"top\" width=\"33%\" height=\"6\"><p>23 mars 1967\u00a0\u00a0<\/p><\/td><td valign=\"top\" width=\"33%\" height=\"6\"><p><strong>Midi-Pyr\u00e9n\u00e9es, Aquitaine\u00a0\u00a0<\/strong><\/p><\/td><\/tr><tr><td valign=\"top\" width=\"33%\" height=\"15\"><p><strong>Parc national des C\u00e9vennes\u00a0\u00a0<\/strong><\/p><\/td><td valign=\"top\" width=\"33%\" height=\"15\"><p>2 septembre 1970\u00a0\u00a0<\/p><\/td><td valign=\"top\" width=\"33%\" height=\"15\"><p><strong>Languedoc-Roussillon Rh\u00f4ne-Alpes\u00a0\u00a0<\/strong><\/p><\/td><\/tr><tr><td valign=\"top\" width=\"33%\" height=\"6\"><p><strong>Parc national des \u00c9crins\u00a0\u00a0<\/strong><\/p><\/td><td valign=\"top\" width=\"33%\" height=\"6\"><p>27 mars 1973\u00a0\u00a0<\/p><\/td><td valign=\"top\" width=\"33%\" height=\"6\"><p><strong>Rh\u00f4ne-Alpes PACA\u00a0\u00a0<\/strong><\/p><\/td><\/tr><tr><td valign=\"top\" width=\"33%\" height=\"6\"><p><strong>Parc national du Mercantour\u00a0\u00a0<\/strong><\/p><\/td><td valign=\"top\" width=\"33%\" height=\"6\"><p>18 ao\u00fbt 1979\u00a0\u00a0<\/p><\/td><td valign=\"top\" width=\"33%\" height=\"6\"><p><strong>PACA\u00a0\u00a0<\/strong><\/p><\/td><\/tr><tr><td valign=\"top\" width=\"33%\" height=\"6\"><p><strong>Parc national de la Guadeloupe\u00a0\u00a0<\/strong><\/p><\/td><td valign=\"top\" width=\"33%\" height=\"6\"><p>20 f\u00e9vrier 1989\u00a0\u00a0<\/p><\/td><td valign=\"top\" width=\"33%\" height=\"6\"><p><strong>Guadeloupe\u00a0\u00a0<\/strong><\/p><\/td><\/tr><tr><td valign=\"top\" width=\"33%\" height=\"6\"><p><strong>Parc amazonien de Guyane\u00a0\u00a0<\/strong><\/p><\/td><td valign=\"top\" width=\"33%\" height=\"6\"><p>27 f\u00e9vrier 2007\u00a0\u00a0<\/p><\/td><td valign=\"top\" width=\"33%\" height=\"6\"><p><strong>Guyane\u00a0\u00a0<\/strong><\/p><\/td><\/tr><tr><td valign=\"top\" width=\"33%\" height=\"6\"><p><strong>Parc national de la R\u00e9union\u00a0\u00a0<\/strong><\/p><\/td><td valign=\"top\" width=\"33%\" height=\"6\"><p>5 mars 2007\u00a0\u00a0<\/p><\/td><td valign=\"top\" width=\"33%\" height=\"6\"><p><strong>La R\u00e9union\u00a0\u00a0<\/strong><\/p><\/td><\/tr><\/tbody><\/table><\/div>\n\t\t\t\t<\/div>\n\t\t\t\t\t\t\t<div class=\"elementor-toggle-item\">\n\t\t\t\t\t<div id=\"elementor-tab-title-5643\" class=\"elementor-tab-title\" data-tab=\"3\" role=\"button\" aria-controls=\"elementor-tab-content-5643\" aria-expanded=\"false\">\n\t\t\t\t\t\t\t\t\t\t\t\t<span class=\"elementor-toggle-icon elementor-toggle-icon-left\" aria-hidden=\"true\">\n\t\t\t\t\t\t\t\t\t\t\t\t\t\t\t<span class=\"elementor-toggle-icon-closed\"><i class=\"fas fa-caret-right\"><\/i><\/span>\n\t\t\t\t\t\t\t\t<span class=\"elementor-toggle-icon-opened\"><i class=\"elementor-toggle-icon-opened fas fa-caret-up\"><\/i><\/span>\n\t\t\t\t\t\t\t\t\t\t\t\t\t<\/span>\n\t\t\t\t\t\t\t\t\t\t\t\t<a class=\"elementor-toggle-title\" tabindex=\"0\">Qu'est-ce que l'Eco-veille ?<\/a>\n\t\t\t\t\t<\/div>\n\n\t\t\t\t\t<div id=\"elementor-tab-content-5643\" class=\"elementor-tab-content elementor-clearfix\" data-tab=\"3\" role=\"region\" aria-labelledby=\"elementor-tab-title-5643\"><p>Eco-veille<sup>\u00ae<\/sup>, c\u2019est la veille sur les sentiers, une d\u00e9marche qualit\u00e9 de la F\u00e9d\u00e9ration Fran\u00e7aise de la Randonn\u00e9e P\u00e9destre qui a pour but de sensibiliser les citoyens de tous \u00e2ges (adultes, enfants, scolaires) \u00e0 la protection de l\u2019environnement et plus particuli\u00e8rement \u00e0 la pr\u00e9servation des chemins et sentiers de randonn\u00e9e p\u00e9destre.<\/p><p>En 2014 le dispositif Eco-veille<sup>\u00ae <\/sup>\u00e9volue vers Suric@te.<\/p><\/div>\n\t\t\t\t<\/div>\n\t\t\t\t\t\t\t<div class=\"elementor-toggle-item\">\n\t\t\t\t\t<div id=\"elementor-tab-title-5644\" class=\"elementor-tab-title\" data-tab=\"4\" role=\"button\" aria-controls=\"elementor-tab-content-5644\" aria-expanded=\"false\">\n\t\t\t\t\t\t\t\t\t\t\t\t<span class=\"elementor-toggle-icon elementor-toggle-icon-left\" aria-hidden=\"true\">\n\t\t\t\t\t\t\t\t\t\t\t\t\t\t\t<span class=\"elementor-toggle-icon-closed\"><i class=\"fas fa-caret-right\"><\/i><\/span>\n\t\t\t\t\t\t\t\t<span class=\"elementor-toggle-icon-opened\"><i class=\"elementor-toggle-icon-opened fas fa-caret-up\"><\/i><\/span>\n\t\t\t\t\t\t\t\t\t\t\t\t\t<\/span>\n\t\t\t\t\t\t\t\t\t\t\t\t<a class=\"elementor-toggle-title\" tabindex=\"0\">Qu'est-ce que Suric@te ?<\/a>\n\t\t\t\t\t<\/div>\n\n\t\t\t\t\t<div id=\"elementor-tab-content-5644\" class=\"elementor-tab-content elementor-clearfix\" data-tab=\"4\" role=\"region\" aria-labelledby=\"elementor-tab-title-5644\"><p>Toute anomalie (balisage, entretien, conflit d\u2019usage, atteinte \u00e0 l\u2019environnement, d\u00e9faut d\u2019am\u00e9nagement\u2026) est d\u00e9sormais directement dirig\u00e9e vers les trois cibles d\u2019acteurs concern\u00e9s (F\u00e9d\u00e9rations d\u00e9l\u00e9gataires, Conseils G\u00e9n\u00e9raux et Directions Jeunesse et Sport), celles-ci devant se concerter pour d\u00e9terminer l\u2019acteur en charge du traitement de l\u2019anomalie. <a title=\"\" href=\"http:\/\/sentinelles.sportsdenature.fr\" target=\"_blank\" rel=\"noopener\" data-original-title=\"\">Le portail Suricate<\/a> permet d\u2019adresser aux int\u00e9ress\u00e9s des messages de suivi dans le traitement de l\u2019anomalie et d\u2019en suivre la r\u00e9solution.<\/p><p>Vous, usagers des sentiers et des milieux naturels, devenez d\u00e8s aujourd\u2019hui acteur de ce dispositif en signalant toute anomalie rencontr\u00e9e lors de vos randonn\u00e9es. Pour cela rien de plus simple. En un clic, acc\u00e9dez \u00e0 l\u2019interface ergonomique mise en place et s\u00e9lectionnez l\u2019activit\u00e9 \u00ab Randonn\u00e9e p\u00e9destre \u00bb dans le menu d\u00e9roulant. Localisez l\u2019endroit du probl\u00e8me en renseignant quelques informations n\u00e9cessaires (d\u00e9partement, nature du probl\u00e8me, description de l\u2019anomalie\u2026).<\/p><h3><img decoding=\"async\" class=\"img-responsive\" src=\"https:\/\/www.ffrandonnee.fr\/data\/CMS\/images\/randonner\/logo_suricate_ffrandonnee.png\" alt=\"Logo suricate - FFRandonn\u00e9e\" \/><\/h3><\/div>\n\t\t\t\t<\/div>\n\t\t\t\t\t\t\t\t<\/div>\n\t\t\t\t\t\t<\/div>\n\t\t\t\t<\/div>\n\t\t\t\t\t<\/div>\n\t\t<\/div>\n\t\t\t\t\t<\/div>\n\t\t<\/section>\n\t\t\t\t<section class=\"elementor-section elementor-top-section elementor-element elementor-element-25386731 elementor-section-boxed elementor-section-height-default elementor-section-height-default\" data-id=\"25386731\" data-element_type=\"section\" data-e-type=\"section\">\n\t\t\t\t\t\t<div class=\"elementor-container elementor-column-gap-default\">\n\t\t\t\t\t<div class=\"elementor-column elementor-col-100 elementor-top-column elementor-element elementor-element-4f2f18a7\" data-id=\"4f2f18a7\" data-element_type=\"column\" data-e-type=\"column\">\n\t\t\t<div class=\"elementor-widget-wrap elementor-element-populated\">\n\t\t\t\t\t\t<div class=\"elementor-element elementor-element-163d96cd elementor-widget elementor-widget-spacer\" data-id=\"163d96cd\" data-element_type=\"widget\" data-e-type=\"widget\" data-widget_type=\"spacer.default\">\n\t\t\t\t<div class=\"elementor-widget-container\">\n\t\t\t\t\t\t\t<div class=\"elementor-spacer\">\n\t\t\t<div class=\"elementor-spacer-inner\"><\/div>\n\t\t<\/div>\n\t\t\t\t\t\t<\/div>\n\t\t\t\t<\/div>\n\t\t\t\t\t<\/div>\n\t\t<\/div>\n\t\t\t\t\t<\/div>\n\t\t<\/section>\n\t\t\t\t<section class=\"elementor-section elementor-top-section elementor-element elementor-element-5b856c0b elementor-section-boxed elementor-section-height-default elementor-section-height-default\" data-id=\"5b856c0b\" data-element_type=\"section\" data-e-type=\"section\">\n\t\t\t\t\t\t<div class=\"elementor-container elementor-column-gap-default\">\n\t\t\t\t\t<div class=\"elementor-column elementor-col-100 elementor-top-column elementor-element elementor-element-7ea9d5af\" data-id=\"7ea9d5af\" data-element_type=\"column\" data-e-type=\"column\">\n\t\t\t<div class=\"elementor-widget-wrap elementor-element-populated\">\n\t\t\t\t\t\t<div class=\"elementor-element elementor-element-5169b2ef elementor-widget elementor-widget-heading\" data-id=\"5169b2ef\" data-element_type=\"widget\" data-e-type=\"widget\" data-widget_type=\"heading.default\">\n\t\t\t\t<div class=\"elementor-widget-container\">\n\t\t\t\t\t<h2 class=\"elementor-heading-title elementor-size-default\">Licences<\/h2>\t\t\t\t<\/div>\n\t\t\t\t<\/div>\n\t\t\t\t\t<\/div>\n\t\t<\/div>\n\t\t\t\t\t<\/div>\n\t\t<\/section>\n\t\t\t\t<section class=\"elementor-section elementor-top-section elementor-element elementor-element-1790a59d elementor-section-boxed elementor-section-height-default elementor-section-height-default\" data-id=\"1790a59d\" data-element_type=\"section\" data-e-type=\"section\">\n\t\t\t\t\t\t<div class=\"elementor-container elementor-column-gap-default\">\n\t\t\t\t\t<div class=\"elementor-column elementor-col-100 elementor-top-column elementor-element elementor-element-1303d933\" data-id=\"1303d933\" data-element_type=\"column\" data-e-type=\"column\">\n\t\t\t<div class=\"elementor-widget-wrap elementor-element-populated\">\n\t\t\t\t\t\t<div class=\"elementor-element elementor-element-61b64a7 elementor-widget elementor-widget-toggle\" data-id=\"61b64a7\" data-element_type=\"widget\" data-e-type=\"widget\" data-widget_type=\"toggle.default\">\n\t\t\t\t<div class=\"elementor-widget-container\">\n\t\t\t\t\t\t\t<div class=\"elementor-toggle\">\n\t\t\t\t\t\t\t<div class=\"elementor-toggle-item\">\n\t\t\t\t\t<div id=\"elementor-tab-title-1021\" class=\"elementor-tab-title\" data-tab=\"1\" role=\"button\" aria-controls=\"elementor-tab-content-1021\" aria-expanded=\"false\">\n\t\t\t\t\t\t\t\t\t\t\t\t<span class=\"elementor-toggle-icon elementor-toggle-icon-left\" aria-hidden=\"true\">\n\t\t\t\t\t\t\t\t\t\t\t\t\t\t\t<span class=\"elementor-toggle-icon-closed\"><i class=\"fas fa-caret-right\"><\/i><\/span>\n\t\t\t\t\t\t\t\t<span class=\"elementor-toggle-icon-opened\"><i class=\"elementor-toggle-icon-opened fas fa-caret-up\"><\/i><\/span>\n\t\t\t\t\t\t\t\t\t\t\t\t\t<\/span>\n\t\t\t\t\t\t\t\t\t\t\t\t<a class=\"elementor-toggle-title\" tabindex=\"0\">Quelles sont les diff\u00e9rents types de licences ?<\/a>\n\t\t\t\t\t<\/div>\n\n\t\t\t\t\t<div id=\"elementor-tab-content-1021\" class=\"elementor-tab-content elementor-clearfix\" data-tab=\"1\" role=\"region\" aria-labelledby=\"elementor-tab-title-1021\"><p>Pour le d\u00e9tail des diff\u00e9rentes licences, veuillez cliquer <a href=\"http:\/\/www.ffrandonnee.fr\/_364\/licence-rando-domaines-de-garanties.aspx\" target=\"_blank\" rel=\"noopener\">ici<\/a><\/p><\/div>\n\t\t\t\t<\/div>\n\t\t\t\t\t\t\t<div class=\"elementor-toggle-item\">\n\t\t\t\t\t<div id=\"elementor-tab-title-1022\" class=\"elementor-tab-title\" data-tab=\"2\" role=\"button\" aria-controls=\"elementor-tab-content-1022\" aria-expanded=\"false\">\n\t\t\t\t\t\t\t\t\t\t\t\t<span class=\"elementor-toggle-icon elementor-toggle-icon-left\" aria-hidden=\"true\">\n\t\t\t\t\t\t\t\t\t\t\t\t\t\t\t<span class=\"elementor-toggle-icon-closed\"><i class=\"fas fa-caret-right\"><\/i><\/span>\n\t\t\t\t\t\t\t\t<span class=\"elementor-toggle-icon-opened\"><i class=\"elementor-toggle-icon-opened fas fa-caret-up\"><\/i><\/span>\n\t\t\t\t\t\t\t\t\t\t\t\t\t<\/span>\n\t\t\t\t\t\t\t\t\t\t\t\t<a class=\"elementor-toggle-title\" tabindex=\"0\">Puis-je randonner avec vous sans licence ?<\/a>\n\t\t\t\t\t<\/div>\n\n\t\t\t\t\t<div id=\"elementor-tab-content-1022\" class=\"elementor-tab-content elementor-clearfix\" data-tab=\"2\" role=\"region\" aria-labelledby=\"elementor-tab-title-1022\"><p>Oui, mais une seule fois \u00e0 titre d&#8217;essai.<\/p><\/div>\n\t\t\t\t<\/div>\n\t\t\t\t\t\t\t<div class=\"elementor-toggle-item\">\n\t\t\t\t\t<div id=\"elementor-tab-title-1023\" class=\"elementor-tab-title\" data-tab=\"3\" role=\"button\" aria-controls=\"elementor-tab-content-1023\" aria-expanded=\"false\">\n\t\t\t\t\t\t\t\t\t\t\t\t<span class=\"elementor-toggle-icon elementor-toggle-icon-left\" aria-hidden=\"true\">\n\t\t\t\t\t\t\t\t\t\t\t\t\t\t\t<span class=\"elementor-toggle-icon-closed\"><i class=\"fas fa-caret-right\"><\/i><\/span>\n\t\t\t\t\t\t\t\t<span class=\"elementor-toggle-icon-opened\"><i class=\"elementor-toggle-icon-opened fas fa-caret-up\"><\/i><\/span>\n\t\t\t\t\t\t\t\t\t\t\t\t\t<\/span>\n\t\t\t\t\t\t\t\t\t\t\t\t<a class=\"elementor-toggle-title\" tabindex=\"0\">Je poss\u00e8de une licence d'une autre f\u00e9d\u00e9ration<\/a>\n\t\t\t\t\t<\/div>\n\n\t\t\t\t\t<div id=\"elementor-tab-content-1023\" class=\"elementor-tab-content elementor-clearfix\" data-tab=\"3\" role=\"region\" aria-labelledby=\"elementor-tab-title-1023\"><p>Il n&#8217;y pas d&#8217;accord entre les f\u00e9d\u00e9rations. Si vous \u00eates titulaire d&#8217;une licence \u00e9mise par le CAF, la FFME, &#8230; vous ne pourrez randonner avec nous qu&#8217;en reprenant une licence aupr\u00e8s de la FFRandonn\u00e9e, hormis une randonn\u00e9e d&#8217;essai.<\/p><\/div>\n\t\t\t\t<\/div>\n\t\t\t\t\t\t\t<div class=\"elementor-toggle-item\">\n\t\t\t\t\t<div id=\"elementor-tab-title-1024\" class=\"elementor-tab-title\" data-tab=\"4\" role=\"button\" aria-controls=\"elementor-tab-content-1024\" aria-expanded=\"false\">\n\t\t\t\t\t\t\t\t\t\t\t\t<span class=\"elementor-toggle-icon elementor-toggle-icon-left\" aria-hidden=\"true\">\n\t\t\t\t\t\t\t\t\t\t\t\t\t\t\t<span class=\"elementor-toggle-icon-closed\"><i class=\"fas fa-caret-right\"><\/i><\/span>\n\t\t\t\t\t\t\t\t<span class=\"elementor-toggle-icon-opened\"><i class=\"elementor-toggle-icon-opened fas fa-caret-up\"><\/i><\/span>\n\t\t\t\t\t\t\t\t\t\t\t\t\t<\/span>\n\t\t\t\t\t\t\t\t\t\t\t\t<a class=\"elementor-toggle-title\" tabindex=\"0\">Je poss\u00e8de une licence de la FFRandonn\u00e9e \u00e9mise par un autre club que Rand'oz<\/a>\n\t\t\t\t\t<\/div>\n\n\t\t\t\t\t<div id=\"elementor-tab-content-1024\" class=\"elementor-tab-content elementor-clearfix\" data-tab=\"4\" role=\"region\" aria-labelledby=\"elementor-tab-title-1024\"><p>Nous vous accueillerons avec plaisir. Vous aurez juste \u00e0 r\u00e9gler une adh\u00e9sion annuelle de 6\u20ac (tarif 2023).<\/p><\/div>\n\t\t\t\t<\/div>\n\t\t\t\t\t\t\t<div class=\"elementor-toggle-item\">\n\t\t\t\t\t<div id=\"elementor-tab-title-1025\" class=\"elementor-tab-title\" data-tab=\"5\" role=\"button\" aria-controls=\"elementor-tab-content-1025\" aria-expanded=\"false\">\n\t\t\t\t\t\t\t\t\t\t\t\t<span class=\"elementor-toggle-icon elementor-toggle-icon-left\" aria-hidden=\"true\">\n\t\t\t\t\t\t\t\t\t\t\t\t\t\t\t<span class=\"elementor-toggle-icon-closed\"><i class=\"fas fa-caret-right\"><\/i><\/span>\n\t\t\t\t\t\t\t\t<span class=\"elementor-toggle-icon-opened\"><i class=\"elementor-toggle-icon-opened fas fa-caret-up\"><\/i><\/span>\n\t\t\t\t\t\t\t\t\t\t\t\t\t<\/span>\n\t\t\t\t\t\t\t\t\t\t\t\t<a class=\"elementor-toggle-title\" tabindex=\"0\">La licence est-elle valable  un an \u00e0 partir de la date de souscription ?<\/a>\n\t\t\t\t\t<\/div>\n\n\t\t\t\t\t<div id=\"elementor-tab-content-1025\" class=\"elementor-tab-content elementor-clearfix\" data-tab=\"5\" role=\"region\" aria-labelledby=\"elementor-tab-title-1025\"><p>H\u00e9las non. La validit\u00e9 des licences est fonction de la saison sportive : du 1er septembre au 31 ao\u00fbt.<br \/>Si vous prenez votre licence en juin , vous devrez la renouveler en septembre pour randonner avec nous.<br \/>Toutefois l&#8217;assurance \u00e0 titre individuel est valable jusqu&#8217;au 31 d\u00e9cembre.<\/p><\/div>\n\t\t\t\t<\/div>\n\t\t\t\t\t\t\t<div class=\"elementor-toggle-item\">\n\t\t\t\t\t<div id=\"elementor-tab-title-1026\" class=\"elementor-tab-title\" data-tab=\"6\" role=\"button\" aria-controls=\"elementor-tab-content-1026\" aria-expanded=\"false\">\n\t\t\t\t\t\t\t\t\t\t\t\t<span class=\"elementor-toggle-icon elementor-toggle-icon-left\" aria-hidden=\"true\">\n\t\t\t\t\t\t\t\t\t\t\t\t\t\t\t<span class=\"elementor-toggle-icon-closed\"><i class=\"fas fa-caret-right\"><\/i><\/span>\n\t\t\t\t\t\t\t\t<span class=\"elementor-toggle-icon-opened\"><i class=\"elementor-toggle-icon-opened fas fa-caret-up\"><\/i><\/span>\n\t\t\t\t\t\t\t\t\t\t\t\t\t<\/span>\n\t\t\t\t\t\t\t\t\t\t\t\t<a class=\"elementor-toggle-title\" tabindex=\"0\">Quelles sont les r\u00e8gles concernant le certificat m\u00e9dical ?<\/a>\n\t\t\t\t\t<\/div>\n\n\t\t\t\t\t<div id=\"elementor-tab-content-1026\" class=\"elementor-tab-content elementor-clearfix\" data-tab=\"6\" role=\"region\" aria-labelledby=\"elementor-tab-title-1026\"><p>En cliquant <a href=\"https:\/\/www.rand-oz.fr\/?page_id=787\" target=\"_blank\" rel=\"noopener\">ici<\/a> vous saurez tout sur le certificat m\u00e9dical.<\/p><\/div>\n\t\t\t\t<\/div>\n\t\t\t\t\t\t\t\t<\/div>\n\t\t\t\t\t\t<\/div>\n\t\t\t\t<\/div>\n\t\t\t\t\t<\/div>\n\t\t<\/div>\n\t\t\t\t\t<\/div>\n\t\t<\/section>\n\t\t\t\t<section class=\"elementor-section elementor-top-section elementor-element elementor-element-6900bbdc elementor-section-boxed elementor-section-height-default elementor-section-height-default\" data-id=\"6900bbdc\" data-element_type=\"section\" data-e-type=\"section\">\n\t\t\t\t\t\t<div class=\"elementor-container elementor-column-gap-default\">\n\t\t\t\t\t<div class=\"elementor-column elementor-col-100 elementor-top-column elementor-element elementor-element-7437d24d\" data-id=\"7437d24d\" data-element_type=\"column\" data-e-type=\"column\">\n\t\t\t<div class=\"elementor-widget-wrap elementor-element-populated\">\n\t\t\t\t\t\t<div class=\"elementor-element elementor-element-2c959d7f elementor-widget elementor-widget-spacer\" data-id=\"2c959d7f\" data-element_type=\"widget\" data-e-type=\"widget\" data-widget_type=\"spacer.default\">\n\t\t\t\t<div class=\"elementor-widget-container\">\n\t\t\t\t\t\t\t<div class=\"elementor-spacer\">\n\t\t\t<div class=\"elementor-spacer-inner\"><\/div>\n\t\t<\/div>\n\t\t\t\t\t\t<\/div>\n\t\t\t\t<\/div>\n\t\t\t\t\t<\/div>\n\t\t<\/div>\n\t\t\t\t\t<\/div>\n\t\t<\/section>\n\t\t\t\t<section class=\"elementor-section elementor-top-section elementor-element elementor-element-776f02e elementor-section-boxed elementor-section-height-default elementor-section-height-default\" data-id=\"776f02e\" data-element_type=\"section\" data-e-type=\"section\">\n\t\t\t\t\t\t<div class=\"elementor-container elementor-column-gap-default\">\n\t\t\t\t\t<div class=\"elementor-column elementor-col-100 elementor-top-column elementor-element elementor-element-0fa5250\" data-id=\"0fa5250\" data-element_type=\"column\" data-e-type=\"column\">\n\t\t\t<div class=\"elementor-widget-wrap elementor-element-populated\">\n\t\t\t\t\t\t<div class=\"elementor-element elementor-element-0bc6ef6 elementor-widget elementor-widget-menu-anchor\" data-id=\"0bc6ef6\" data-element_type=\"widget\" data-e-type=\"widget\" data-widget_type=\"menu-anchor.default\">\n\t\t\t\t<div class=\"elementor-widget-container\">\n\t\t\t\t\t\t\t<div class=\"elementor-menu-anchor\" id=\"Assurances\"><\/div>\n\t\t\t\t\t\t<\/div>\n\t\t\t\t<\/div>\n\t\t\t\t\t<\/div>\n\t\t<\/div>\n\t\t\t\t\t<\/div>\n\t\t<\/section>\n\t\t\t\t<section class=\"elementor-section elementor-top-section elementor-element elementor-element-6ac4183 elementor-section-boxed elementor-section-height-default elementor-section-height-default\" data-id=\"6ac4183\" data-element_type=\"section\" data-e-type=\"section\">\n\t\t\t\t\t\t<div class=\"elementor-container elementor-column-gap-default\">\n\t\t\t\t\t<div class=\"elementor-column elementor-col-100 elementor-top-column elementor-element elementor-element-bbc68e0\" data-id=\"bbc68e0\" data-element_type=\"column\" data-e-type=\"column\">\n\t\t\t<div class=\"elementor-widget-wrap elementor-element-populated\">\n\t\t\t\t\t\t<div class=\"elementor-element elementor-element-77ab6db elementor-widget elementor-widget-heading\" data-id=\"77ab6db\" data-element_type=\"widget\" data-e-type=\"widget\" data-widget_type=\"heading.default\">\n\t\t\t\t<div class=\"elementor-widget-container\">\n\t\t\t\t\t<h2 class=\"elementor-heading-title elementor-size-default\">Assurances<\/h2>\t\t\t\t<\/div>\n\t\t\t\t<\/div>\n\t\t\t\t\t<\/div>\n\t\t<\/div>\n\t\t\t\t\t<\/div>\n\t\t<\/section>\n\t\t\t\t<section class=\"elementor-section elementor-top-section elementor-element elementor-element-26da564 elementor-section-boxed elementor-section-height-default elementor-section-height-default\" data-id=\"26da564\" data-element_type=\"section\" data-e-type=\"section\">\n\t\t\t\t\t\t<div class=\"elementor-container elementor-column-gap-default\">\n\t\t\t\t\t<div class=\"elementor-column elementor-col-100 elementor-top-column elementor-element elementor-element-69f5220\" data-id=\"69f5220\" data-element_type=\"column\" data-e-type=\"column\">\n\t\t\t<div class=\"elementor-widget-wrap elementor-element-populated\">\n\t\t\t\t\t\t<div class=\"elementor-element elementor-element-810e10e elementor-widget elementor-widget-toggle\" data-id=\"810e10e\" data-element_type=\"widget\" data-e-type=\"widget\" data-widget_type=\"toggle.default\">\n\t\t\t\t<div class=\"elementor-widget-container\">\n\t\t\t\t\t\t\t<div class=\"elementor-toggle\">\n\t\t\t\t\t\t\t<div class=\"elementor-toggle-item\">\n\t\t\t\t\t<div id=\"elementor-tab-title-1351\" class=\"elementor-tab-title\" data-tab=\"1\" role=\"button\" aria-controls=\"elementor-tab-content-1351\" aria-expanded=\"false\">\n\t\t\t\t\t\t\t\t\t\t\t\t<span class=\"elementor-toggle-icon elementor-toggle-icon-left\" aria-hidden=\"true\">\n\t\t\t\t\t\t\t\t\t\t\t\t\t\t\t<span class=\"elementor-toggle-icon-closed\"><i class=\"fas fa-caret-right\"><\/i><\/span>\n\t\t\t\t\t\t\t\t<span class=\"elementor-toggle-icon-opened\"><i class=\"elementor-toggle-icon-opened fas fa-caret-up\"><\/i><\/span>\n\t\t\t\t\t\t\t\t\t\t\t\t\t<\/span>\n\t\t\t\t\t\t\t\t\t\t\t\t<a class=\"elementor-toggle-title\" tabindex=\"0\">A quoi sert l'assurance li\u00e9e \u00e0 ma licence ?<\/a>\n\t\t\t\t\t<\/div>\n\n\t\t\t\t\t<div id=\"elementor-tab-content-1351\" class=\"elementor-tab-content elementor-clearfix\" data-tab=\"1\" role=\"region\" aria-labelledby=\"elementor-tab-title-1351\"><p>Veuillez cliquer <a href=\"https:\/\/www.rand-oz.fr\/wp-content\/uploads\/2025\/08\/A-quoi-sert-lassurance.pdf\" target=\"_blank\" rel=\"noopener\">ici.<\/a><\/p><\/div>\n\t\t\t\t<\/div>\n\t\t\t\t\t\t\t<div class=\"elementor-toggle-item\">\n\t\t\t\t\t<div id=\"elementor-tab-title-1352\" class=\"elementor-tab-title\" data-tab=\"2\" role=\"button\" aria-controls=\"elementor-tab-content-1352\" aria-expanded=\"false\">\n\t\t\t\t\t\t\t\t\t\t\t\t<span class=\"elementor-toggle-icon elementor-toggle-icon-left\" aria-hidden=\"true\">\n\t\t\t\t\t\t\t\t\t\t\t\t\t\t\t<span class=\"elementor-toggle-icon-closed\"><i class=\"fas fa-caret-right\"><\/i><\/span>\n\t\t\t\t\t\t\t\t<span class=\"elementor-toggle-icon-opened\"><i class=\"elementor-toggle-icon-opened fas fa-caret-up\"><\/i><\/span>\n\t\t\t\t\t\t\t\t\t\t\t\t\t<\/span>\n\t\t\t\t\t\t\t\t\t\t\t\t<a class=\"elementor-toggle-title\" tabindex=\"0\">Contacts utiles<\/a>\n\t\t\t\t\t<\/div>\n\n\t\t\t\t\t<div id=\"elementor-tab-content-1352\" class=\"elementor-tab-content elementor-clearfix\" data-tab=\"2\" role=\"region\" aria-labelledby=\"elementor-tab-title-1352\"><p>Veuillez cliquer <a href=\"https:\/\/www.rand-oz.fr\/wp-content\/uploads\/2025\/08\/Contacts-utiles.pdf\" target=\"_blank\" rel=\"noopener\">ici.<\/a><\/p><\/div>\n\t\t\t\t<\/div>\n\t\t\t\t\t\t\t<div class=\"elementor-toggle-item\">\n\t\t\t\t\t<div id=\"elementor-tab-title-1353\" class=\"elementor-tab-title\" data-tab=\"3\" role=\"button\" aria-controls=\"elementor-tab-content-1353\" aria-expanded=\"false\">\n\t\t\t\t\t\t\t\t\t\t\t\t<span class=\"elementor-toggle-icon elementor-toggle-icon-left\" aria-hidden=\"true\">\n\t\t\t\t\t\t\t\t\t\t\t\t\t\t\t<span class=\"elementor-toggle-icon-closed\"><i class=\"fas fa-caret-right\"><\/i><\/span>\n\t\t\t\t\t\t\t\t<span class=\"elementor-toggle-icon-opened\"><i class=\"elementor-toggle-icon-opened fas fa-caret-up\"><\/i><\/span>\n\t\t\t\t\t\t\t\t\t\t\t\t\t<\/span>\n\t\t\t\t\t\t\t\t\t\t\t\t<a class=\"elementor-toggle-title\" tabindex=\"0\">Les diff\u00e9rents types d'assurance et leurs garanties<\/a>\n\t\t\t\t\t<\/div>\n\n\t\t\t\t\t<div id=\"elementor-tab-content-1353\" class=\"elementor-tab-content elementor-clearfix\" data-tab=\"3\" role=\"region\" aria-labelledby=\"elementor-tab-title-1353\"><p>Rand&#8217;oz ne d\u00e9livre que les licences IRA et IMPN.\u00a0<\/p><p>Pour plus de d\u00e9tails, veuillez cliquer <a href=\"https:\/\/www.rand-oz.fr\/wp-content\/uploads\/2025\/08\/Differents-types-assurance-et-leurs-garanties.pdf\" target=\"_blank\" rel=\"noopener\">ici.<\/a><\/p><\/div>\n\t\t\t\t<\/div>\n\t\t\t\t\t\t\t<div class=\"elementor-toggle-item\">\n\t\t\t\t\t<div id=\"elementor-tab-title-1354\" class=\"elementor-tab-title\" data-tab=\"4\" role=\"button\" aria-controls=\"elementor-tab-content-1354\" aria-expanded=\"false\">\n\t\t\t\t\t\t\t\t\t\t\t\t<span class=\"elementor-toggle-icon elementor-toggle-icon-left\" aria-hidden=\"true\">\n\t\t\t\t\t\t\t\t\t\t\t\t\t\t\t<span class=\"elementor-toggle-icon-closed\"><i class=\"fas fa-caret-right\"><\/i><\/span>\n\t\t\t\t\t\t\t\t<span class=\"elementor-toggle-icon-opened\"><i class=\"elementor-toggle-icon-opened fas fa-caret-up\"><\/i><\/span>\n\t\t\t\t\t\t\t\t\t\t\t\t\t<\/span>\n\t\t\t\t\t\t\t\t\t\t\t\t<a class=\"elementor-toggle-title\" tabindex=\"0\">Que faire en cas de sinistre<\/a>\n\t\t\t\t\t<\/div>\n\n\t\t\t\t\t<div id=\"elementor-tab-content-1354\" class=\"elementor-tab-content elementor-clearfix\" data-tab=\"4\" role=\"region\" aria-labelledby=\"elementor-tab-title-1354\"><p>Veuillez cliquer <a href=\"https:\/\/www.rand-oz.fr\/wp-content\/uploads\/2025\/08\/Que-faire-en-cas-de-sinistre.pdf\" target=\"_blank\" rel=\"noopener\">ici.<\/a><\/p><\/div>\n\t\t\t\t<\/div>\n\t\t\t\t\t\t\t<div class=\"elementor-toggle-item\">\n\t\t\t\t\t<div id=\"elementor-tab-title-1355\" class=\"elementor-tab-title\" data-tab=\"5\" role=\"button\" aria-controls=\"elementor-tab-content-1355\" aria-expanded=\"false\">\n\t\t\t\t\t\t\t\t\t\t\t\t<span class=\"elementor-toggle-icon elementor-toggle-icon-left\" aria-hidden=\"true\">\n\t\t\t\t\t\t\t\t\t\t\t\t\t\t\t<span class=\"elementor-toggle-icon-closed\"><i class=\"fas fa-caret-right\"><\/i><\/span>\n\t\t\t\t\t\t\t\t<span class=\"elementor-toggle-icon-opened\"><i class=\"elementor-toggle-icon-opened fas fa-caret-up\"><\/i><\/span>\n\t\t\t\t\t\t\t\t\t\t\t\t\t<\/span>\n\t\t\t\t\t\t\t\t\t\t\t\t<a class=\"elementor-toggle-title\" tabindex=\"0\">Assurance compl\u00e9mentaire<\/a>\n\t\t\t\t\t<\/div>\n\n\t\t\t\t\t<div id=\"elementor-tab-content-1355\" class=\"elementor-tab-content elementor-clearfix\" data-tab=\"5\" role=\"region\" aria-labelledby=\"elementor-tab-title-1355\"><p>L&#8217;assurance compl\u00e9mentaire permet d&#8217;obtenir des garanties suppl\u00e9mentaires sur le d\u00e9c\u00e8s\/invalidit\u00e9, les indemnit\u00e9s journali\u00e8res, l&#8217;aide \u00e0 domicile, le maintien du salaire, la perte d&#8217;emploi.<br \/><a href=\"https:\/\/www.rand-oz.fr\/wp-content\/uploads\/2025\/08\/Souscription-a-lassurance-complementaire.pdf\" target=\"_blank\" rel=\"noopener\">Bulletin de souscription \u00e0 l&#8217;assurance compl\u00e9mentaire.<\/a><\/p><\/div>\n\t\t\t\t<\/div>\n\t\t\t\t\t\t\t<div class=\"elementor-toggle-item\">\n\t\t\t\t\t<div id=\"elementor-tab-title-1356\" class=\"elementor-tab-title\" data-tab=\"6\" role=\"button\" aria-controls=\"elementor-tab-content-1356\" aria-expanded=\"false\">\n\t\t\t\t\t\t\t\t\t\t\t\t<span class=\"elementor-toggle-icon elementor-toggle-icon-left\" aria-hidden=\"true\">\n\t\t\t\t\t\t\t\t\t\t\t\t\t\t\t<span class=\"elementor-toggle-icon-closed\"><i class=\"fas fa-caret-right\"><\/i><\/span>\n\t\t\t\t\t\t\t\t<span class=\"elementor-toggle-icon-opened\"><i class=\"elementor-toggle-icon-opened fas fa-caret-up\"><\/i><\/span>\n\t\t\t\t\t\t\t\t\t\t\t\t\t<\/span>\n\t\t\t\t\t\t\t\t\t\t\t\t<a class=\"elementor-toggle-title\" tabindex=\"0\">Une offre Groupama<\/a>\n\t\t\t\t\t<\/div>\n\n\t\t\t\t\t<div id=\"elementor-tab-content-1356\" class=\"elementor-tab-content elementor-clearfix\" data-tab=\"6\" role=\"region\" aria-labelledby=\"elementor-tab-title-1356\"><p>Pour voir l&#8217;offre, cliquez <a href=\"https:\/\/www.rand-oz.fr\/wp-content\/uploads\/2025\/08\/Offre-Groupama.pdf\" target=\"_blank\" rel=\"noopener\">ici.<\/a><\/p><\/div>\n\t\t\t\t<\/div>\n\t\t\t\t\t\t\t\t<\/div>\n\t\t\t\t\t\t<\/div>\n\t\t\t\t<\/div>\n\t\t\t\t\t<\/div>\n\t\t<\/div>\n\t\t\t\t\t<\/div>\n\t\t<\/section>\n\t\t\t\t<section class=\"elementor-section elementor-top-section elementor-element elementor-element-921aba8 elementor-section-boxed elementor-section-height-default elementor-section-height-default\" data-id=\"921aba8\" data-element_type=\"section\" data-e-type=\"section\">\n\t\t\t\t\t\t<div class=\"elementor-container elementor-column-gap-default\">\n\t\t\t\t\t<div class=\"elementor-column elementor-col-100 elementor-top-column elementor-element elementor-element-588e920\" data-id=\"588e920\" data-element_type=\"column\" data-e-type=\"column\">\n\t\t\t<div class=\"elementor-widget-wrap elementor-element-populated\">\n\t\t\t\t\t\t<div class=\"elementor-element elementor-element-f628bd5 elementor-widget elementor-widget-spacer\" data-id=\"f628bd5\" data-element_type=\"widget\" data-e-type=\"widget\" data-widget_type=\"spacer.default\">\n\t\t\t\t<div class=\"elementor-widget-container\">\n\t\t\t\t\t\t\t<div class=\"elementor-spacer\">\n\t\t\t<div class=\"elementor-spacer-inner\"><\/div>\n\t\t<\/div>\n\t\t\t\t\t\t<\/div>\n\t\t\t\t<\/div>\n\t\t\t\t\t<\/div>\n\t\t<\/div>\n\t\t\t\t\t<\/div>\n\t\t<\/section>\n\t\t\t\t<section class=\"elementor-section elementor-top-section elementor-element elementor-element-77470853 elementor-section-boxed elementor-section-height-default elementor-section-height-default\" data-id=\"77470853\" data-element_type=\"section\" data-e-type=\"section\">\n\t\t\t\t\t\t<div class=\"elementor-container elementor-column-gap-default\">\n\t\t\t\t\t<div class=\"elementor-column elementor-col-100 elementor-top-column elementor-element elementor-element-66c8d463\" data-id=\"66c8d463\" data-element_type=\"column\" data-e-type=\"column\">\n\t\t\t<div class=\"elementor-widget-wrap elementor-element-populated\">\n\t\t\t\t\t\t<div class=\"elementor-element elementor-element-148bf4e2 elementor-widget elementor-widget-heading\" data-id=\"148bf4e2\" data-element_type=\"widget\" data-e-type=\"widget\" data-widget_type=\"heading.default\">\n\t\t\t\t<div class=\"elementor-widget-container\">\n\t\t\t\t\t<h2 class=\"elementor-heading-title elementor-size-default\">Responsabilit\u00e9<\/h2>\t\t\t\t<\/div>\n\t\t\t\t<\/div>\n\t\t\t\t\t<\/div>\n\t\t<\/div>\n\t\t\t\t\t<\/div>\n\t\t<\/section>\n\t\t\t\t<section class=\"elementor-section elementor-top-section elementor-element elementor-element-227f55c8 elementor-section-boxed elementor-section-height-default elementor-section-height-default\" data-id=\"227f55c8\" data-element_type=\"section\" data-e-type=\"section\">\n\t\t\t\t\t\t<div class=\"elementor-container elementor-column-gap-default\">\n\t\t\t\t\t<div class=\"elementor-column elementor-col-100 elementor-top-column elementor-element elementor-element-6a780478\" data-id=\"6a780478\" data-element_type=\"column\" data-e-type=\"column\">\n\t\t\t<div class=\"elementor-widget-wrap elementor-element-populated\">\n\t\t\t\t\t\t<div class=\"elementor-element elementor-element-30810d79 elementor-widget elementor-widget-toggle\" data-id=\"30810d79\" data-element_type=\"widget\" data-e-type=\"widget\" data-widget_type=\"toggle.default\">\n\t\t\t\t<div class=\"elementor-widget-container\">\n\t\t\t\t\t\t\t<div class=\"elementor-toggle\">\n\t\t\t\t\t\t\t<div class=\"elementor-toggle-item\">\n\t\t\t\t\t<div id=\"elementor-tab-title-8131\" class=\"elementor-tab-title\" data-tab=\"1\" role=\"button\" aria-controls=\"elementor-tab-content-8131\" aria-expanded=\"false\">\n\t\t\t\t\t\t\t\t\t\t\t\t<span class=\"elementor-toggle-icon elementor-toggle-icon-left\" aria-hidden=\"true\">\n\t\t\t\t\t\t\t\t\t\t\t\t\t\t\t<span class=\"elementor-toggle-icon-closed\"><i class=\"fas fa-caret-right\"><\/i><\/span>\n\t\t\t\t\t\t\t\t<span class=\"elementor-toggle-icon-opened\"><i class=\"elementor-toggle-icon-opened fas fa-caret-up\"><\/i><\/span>\n\t\t\t\t\t\t\t\t\t\t\t\t\t<\/span>\n\t\t\t\t\t\t\t\t\t\t\t\t<a class=\"elementor-toggle-title\" tabindex=\"0\">Randonner entre amis<\/a>\n\t\t\t\t\t<\/div>\n\n\t\t\t\t\t<div id=\"elementor-tab-content-8131\" class=\"elementor-tab-content elementor-clearfix\" data-tab=\"1\" role=\"region\" aria-labelledby=\"elementor-tab-title-8131\"><div class=\"entry-content clear\"><p><strong>J\u2019organise des randos pour mes copains. Suis-je responsable ? Quel int\u00e9r\u00eat de cr\u00e9er une association ? (info FFRP)<\/strong><\/p><p>En animant des randonn\u00e9es, sans \u00eatre constitu\u00e9 en association, une personne engage sa responsabilit\u00e9 au m\u00eame titre qu\u2019un animateur dans une association mais elle est directement responsable, sur son propre patrimoine (art. 1382 du code civil). Il n\u2019y a pas d\u2019association pour assumer la responsabilit\u00e9 et mettre en \u0153uvre l\u2019obligation de s\u00e9curit\u00e9.<\/p><p>En encadrant des randonn\u00e9es, m\u00eame sans \u00eatre un organisme officiel, on devient animateur de la randonn\u00e9e, c\u2019est \u00e0 dire qu\u2019on prend en charge la s\u00e9curit\u00e9 du groupe. Il faut donc veiller \u00e0 tout moment \u00e0 la s\u00e9curit\u00e9 de votre groupe.<\/p><p>La F\u00e9d\u00e9ration fran\u00e7aise de la randonn\u00e9e p\u00e9destre est d\u00e9l\u00e9gataire de l\u2019activit\u00e9 de la randonn\u00e9e p\u00e9destre par le minist\u00e8re des sports. Ce qui veut dire que les normes de s\u00e9curit\u00e9 qu\u2019elle \u00e9dicte serviront de r\u00e9f\u00e9rence aux juges si votre responsabilit\u00e9 civile venait \u00e0 \u00eatre engag\u00e9e.<\/p><p>Une d\u00e9charge de responsabilit\u00e9 qui serait sign\u00e9e par vos copains n\u2019a aucune valeur juridique.<\/p><p><em>Quel int\u00e9r\u00eat \u00e0 cr\u00e9er une association pour randonner <\/em>?<br \/>L\u2019int\u00e9r\u00eat principal du cadre associatif pour organiser des randonn\u00e9es , c\u2019est avant tout l\u2019association qui engage sa responsabilit\u00e9 civile et non son Pr\u00e9sident et ses animateurs. De plus, l\u2019association dispose normalement d\u2019une assurance adapt\u00e9e.<\/p><p>Rappelons les obligations et responsabilit\u00e9 d\u2019une association sportive:<br \/>Une association sportive assume vis-\u00e0-vis du groupe qu\u2019elle encadre une obligation de s\u00e9curit\u00e9, c\u2019est-\u00e0-dire qu\u2019elle doit faire tout son possible pour assurer et veiller \u00e0 la s\u00e9curit\u00e9 des pratiquants. Si l\u2019association ne respecte pas cette obligation de s\u00e9curit\u00e9, sa responsabilit\u00e9 civile peut \u00eatre engag\u00e9e. Les dirigeants de l\u2019association et les animateurs sont d\u00e9l\u00e9gataires de cette obligation, cela signifie que c\u2019est leur r\u00f4le de la mettre en \u0153uvre. Ainsi ils peuvent engager la responsabilit\u00e9 civile de l\u2019association en ne respectant pas cette obligation.<\/p><p>Attention, c\u2019est avant tout l\u2019association, personne morale, qui engage sa responsabilit\u00e9. Un dirigeant ou un animateur ne sont responsables personnellement que dans 2 cas :<br \/>\u2013 faute tr\u00e8s grave<br \/>\u2013 faute commise en dehors des fonctions attribu\u00e9es par l\u2019association.<\/p><p>Donc 2 avantages \u00e0 \u00eatre une association :<br \/>\u2013 ne pas engager sa responsabilit\u00e9 personnelle sauf cas particulier<br \/>\u2013 \u00eatre correctement assur\u00e9 car l\u2019association est oblig\u00e9e d\u2019assurer ses dirigeants et ses animateurs.<\/p><\/div><\/div>\n\t\t\t\t<\/div>\n\t\t\t\t\t\t\t<div class=\"elementor-toggle-item\">\n\t\t\t\t\t<div id=\"elementor-tab-title-8132\" class=\"elementor-tab-title\" data-tab=\"2\" role=\"button\" aria-controls=\"elementor-tab-content-8132\" aria-expanded=\"false\">\n\t\t\t\t\t\t\t\t\t\t\t\t<span class=\"elementor-toggle-icon elementor-toggle-icon-left\" aria-hidden=\"true\">\n\t\t\t\t\t\t\t\t\t\t\t\t\t\t\t<span class=\"elementor-toggle-icon-closed\"><i class=\"fas fa-caret-right\"><\/i><\/span>\n\t\t\t\t\t\t\t\t<span class=\"elementor-toggle-icon-opened\"><i class=\"elementor-toggle-icon-opened fas fa-caret-up\"><\/i><\/span>\n\t\t\t\t\t\t\t\t\t\t\t\t\t<\/span>\n\t\t\t\t\t\t\t\t\t\t\t\t<a class=\"elementor-toggle-title\" tabindex=\"0\">Randonner avec des enfants<\/a>\n\t\t\t\t\t<\/div>\n\n\t\t\t\t\t<div id=\"elementor-tab-content-8132\" class=\"elementor-tab-content elementor-clearfix\" data-tab=\"2\" role=\"region\" aria-labelledby=\"elementor-tab-title-8132\"><div class=\"entry-content clear\"><p>Voici les recommandations de la FFRP pour randonner avec vos enfants:<\/p><p><strong>Pourquoi randonner avec un enfant?<\/strong><\/p><p>La marche est une activit\u00e9 sportive d\u2019endurance mais peu intense, <strong>tr\u00e8s bien adapt\u00e9e<\/strong> \u00e0 <strong>l\u2019organisme de l\u2019enfant<\/strong> en perp\u00e9tuelle croissance.<strong>\u00a0A partir de quel \u00e2ge et quel type de randonn\u00e9e?<\/strong><\/p><p>Le tout petit<\/p><p>Pas d\u2019\u00e2ge minimum, le tout petit est port\u00e9 par un adulte, mais attention de ne pas d\u00e9passer 2 heures de portage d\u2019affil\u00e9e.Dans un porte b\u00e9b\u00e9 , l\u2019enfant est immobile\u00a0:\u00a0 il vaut mieux \u00e9viter de sortir par temps trop froid ou trop chaud. (et de toute fa\u00e7on, bien le prot\u00e9ger, en particulier du soleil.<\/p><p>Evitez de d\u00e9passer\u00a0 les 2000 m. d\u2019altitude\u00a0; si votre enfant fait de nombreuses otites et rhinopharyngites, parlez en \u00e0 votre m\u00e9decin de famille avant de partir.<\/p><p>Entre 4 et 8 ans<\/p><p>On peut envisager des balades plus longues en comptant une moyenne de\u00a01 km\/h\u00a0 pour les plus jeunes jusqu\u2019\u00e0 3 km\/h (hors pauses) pour les plus grands.L\u2019enfant peut marcher de\u00a0 3km\u00a0 pour les plus petits jusqu\u2019\u00e0 12 km pour les plus grands.Il peut aller jusqu\u2019\u00e0 2200 \u2013 2500 m. d\u2019altitude,\u00a0 s\u2019il\u00a0 n\u2019a pas de probl\u00e8me respiratoire ou ORL particulier ( en cas de doute, en parler \u00e0 son m\u00e9decin).<\/p><p>Entre 8 et 12 ans<\/p><p>L\u2019enfant peut marcher jusqu\u2019\u00e0 15 km par jour , on peut envisager des circuits de plusieurs jours.<\/p><p>Au del\u00e0 de 12 ans<\/p><p>La randonn\u00e9e se rapproche de celles des adultes. Plus l\u2019enfant aura \u00e9t\u00e9 habitu\u00e9 \u00e0 marcher, plus il aura les capacit\u00e9s physiques de\u00a0 vous accompagner\u00a0 (et bient\u00f4t c\u2019est vous qui essayerez de le suivre\u00a0!)<\/p><p>Le probl\u00e8me n\u2019est pas physique mais plut\u00f4t psychologique, la motivation est essentielle. Souvent la pr\u00e9sence de copains\/copines aidera beaucoup au bon d\u00e9roulement et \u00e0 l\u2019ambiance de la rando. Pensez aussi \u00e0 favoriser les sorties hors du cadre familial, en\u00a0 m\u00e9nageant tout de m\u00eame quelques excursions en famille.<\/p><p><strong>Quel \u00e9quipement?<\/strong><\/p><p>Avant tout, de <strong>bonnes chaussures<\/strong> de randonn\u00e9e m\u00eame pour les petits\u00a0: semelle \u00e9paisse et crant\u00e9e, tige montante\u00a0; vous avez le choix des mat\u00e9riaux\u00a0: goretex ou sympatex pour l\u2019imperm\u00e9abilit\u00e9, cuir ou fibre synth\u00e9tique rigide pour le maintien.<\/p><p>Des <strong>chaussettes<\/strong> en coton.<\/p><p>Des <strong>v\u00eatements<\/strong> solides, l\u00e9gers\u00a0;\u00a0 pensez \u00e0 la pluie et au soleil\u00a0: le bob \u00e0 bord large est bien adapt\u00e9 \u00e0 la randonn\u00e9e. Et le coupe-vent.<\/p><p>\u00a0N\u2019oubliez pas la <strong>gourde<\/strong> (0,5 litre pour que cela ne soit pas trop lourd).<\/p><p>Mais o\u00f9 mettre tout \u00e7a\u00a0? dans <strong>un sac \u00e0 dos<\/strong> bien s\u00fbr\u00a0;<\/p><p>D\u00e9s 4 ans,\u00a0 votre enfant doit avoir son sac, c\u2019est l\u2019accessoire\u00a0 incontournable\u00a0 du randonneur\u00a0!<\/p><p>M\u00eame si au d\u00e9but le sac sera plut\u00f4t symbolique, il d\u00e9signe\u00a0 votre enfant\u00a0 comme \u00ab\u00a0randonneur\u00a0\u00bb , il se sentira comme les grands.<\/p><p>Ce sac sera rembourr\u00e9 au dos et aux bretelles, pensez \u00e0 la ceinture ventrale.\u00a0De 4 \u00e0 8 ans l\u2019enfant peut porter jusqu\u2019\u00e0 3 kilos, de 8 \u00e0 12 jusqu\u2019\u00e0 5 kilos.\u00a0<\/p><p><strong>Quand faire des pauses?<\/strong><\/p><p>Environ 10 \u00e0 15 minutes toutes les heures et en profiter pour boire<\/p><p>Ne pas repartir au moment o\u00f9 les derniers arrivent\u00a0!<\/p><p>Prolonger pique nique prolong\u00e9 lors des randonn\u00e9es \u00e0 la journ\u00e9e.<\/p><\/div><\/div>\n\t\t\t\t<\/div>\n\t\t\t\t\t\t\t<div class=\"elementor-toggle-item\">\n\t\t\t\t\t<div id=\"elementor-tab-title-8133\" class=\"elementor-tab-title\" data-tab=\"3\" role=\"button\" aria-controls=\"elementor-tab-content-8133\" aria-expanded=\"false\">\n\t\t\t\t\t\t\t\t\t\t\t\t<span class=\"elementor-toggle-icon elementor-toggle-icon-left\" aria-hidden=\"true\">\n\t\t\t\t\t\t\t\t\t\t\t\t\t\t\t<span class=\"elementor-toggle-icon-closed\"><i class=\"fas fa-caret-right\"><\/i><\/span>\n\t\t\t\t\t\t\t\t<span class=\"elementor-toggle-icon-opened\"><i class=\"elementor-toggle-icon-opened fas fa-caret-up\"><\/i><\/span>\n\t\t\t\t\t\t\t\t\t\t\t\t\t<\/span>\n\t\t\t\t\t\t\t\t\t\t\t\t<a class=\"elementor-toggle-title\" tabindex=\"0\">Randonner avec son chien<\/a>\n\t\t\t\t\t<\/div>\n\n\t\t\t\t\t<div id=\"elementor-tab-content-8133\" class=\"elementor-tab-content elementor-clearfix\" data-tab=\"3\" role=\"region\" aria-labelledby=\"elementor-tab-title-8133\"><div class=\"entry-content clear\"><p><strong>O\u00f9 et comment randonner avec son chien ? Quelle responsabilit\u00e9 ? (source FFRP)<\/strong><\/p><p>Voici une r\u00e9ponse g\u00e9n\u00e9rale que vous appliquerez \u00e0 toutes vos randonn\u00e9es.<\/p><p><strong>1. Parcs nationaux<\/strong><br \/>Les chiens sont interdits dans les parcs nationaux et sur le territoire de certaines communes dont le maire a pris un arr\u00eat\u00e9 en ce sens (se renseigner en mairie).<\/p><p>Un parc national est un territoire naturel, ouvert \u00e0 tous, mais soumis \u00e0 une r\u00e9glementation :<br \/>\u2013 pas de chien, m\u00eame tenu en laisse, pour la tranquillit\u00e9 des animaux sauvages et domestiques (seuls les chiens des bergers sont autoris\u00e9s).<\/p><p>Vous pouvez \u00eatre condamn\u00e9 \u00e0 une forte amende , en cas de non respect de la r\u00e8gle.<\/p><p><strong>2. Hors parcs nationaux<\/strong><\/p><p>Aucun texte l\u00e9gal ou r\u00e9glementaire n\u2019oblige \u00e0 tenir un chien en laisse dans la nature.<br \/>Ce qui est prohib\u00e9, c\u2019est la divagation d\u2019un chien, c\u2019est \u00e0 dire sa pr\u00e9sence hors de port\u00e9e de vue ou de voix de son propri\u00e9taire. Ce sont les chiens errants ou divagants qui sont interdits. Un chien est consid\u00e9r\u00e9 comme errant s\u2019il n\u2019est plus sous la surveillance effective et le contr\u00f4le de son ma\u00eetre, \u00e0 une distance estim\u00e9e \u00e0 100 m, ou livr\u00e9 \u00e0 son seul instinct (arr\u00eat\u00e9 minist\u00e9riel du 16 mars 1955 et article R428-6 du code de l\u2019environnement). Avec action de chasse, la divagation rel\u00e8ve d\u2019une amende de classe 4 (135 euros).<\/p><p><strong>QUELLES SONT LES RESPONSABILITES ?<\/strong><br \/>Sur la responsabilit\u00e9 civile du propri\u00e9taire du chien, l\u2019article 1385 du Code civil stipule : \u201cLe propri\u00e9taire d\u2019un animal, ou celui qui s\u2019en sert, pendant qu\u2019il est \u00e0 son usage, est responsable du dommage que l\u2019animal a caus\u00e9, soit que l\u2019animal f\u00fbt sous sa garde, soit qu\u2019il f\u00fbt \u00e9gar\u00e9 ou \u00e9chapp\u00e9\u201d.<\/p><p>Le propri\u00e9taire est donc responsable de son chien, des accidents et des d\u00e9g\u00e3ts qu\u2019il provoque, qu\u2019il soit tenu en laisse ou non, qu\u2019il soit \u00e9gar\u00e9 ou non. Le tatouage (obligatoire) devrait permettre d\u2019identifier le propri\u00e9taire.<br \/>Cette r\u00e8gle s\u2019applique quelles que soient les circonstances, c\u2019est \u00e0 dire le propri\u00e9taire peut ne pas \u00eatre un randonneur, idem pour la victime.<\/p><p>Le propri\u00e9taire engage sa responsabilit\u00e9 civile pour les dommages et d\u00e9g\u00e3ts provoqu\u00e9s par son chien et \u00e0 ce titre est tenu de les r\u00e9parer.<\/p><p>S\u2019il est assur\u00e9 \u00e0 titre personnel en responsabilit\u00e9 civile, son assurance le couvrira.<\/p><p>S\u2019il a une licence au moins IR et que les faits se d\u00e9roulent lors d\u2019une randonn\u00e9e (ou d\u2019une activit\u00e9 multi-loisir si c\u2019est une licence IMPN), cette assurance pourra \u00e9galement \u00eatre mise en \u0153uvre.<br \/>S\u2019il n\u2019a aucune assurance, il devra rembourser les frais engag\u00e9s sur ses biens personnels.<\/p><p>Quant \u00e0 la victime, si elle poss\u00e8de au moins une licence IRA ou une Randocarte\u00ae, elle est garantie pour les accidents corporels. Elle pourra mettre en \u0153uvre son assurance f\u00e9d\u00e9rale et se retourner contre le propri\u00e9taire du chien ou contre l\u2019assureur de ce dernier.<\/p><p>Sur la responsabilit\u00e9 civile de l\u2019association, en principe l\u2019association et son animateur ne sont pas responsables des accidents et des d\u00e9g\u00e3ts caus\u00e9s par le chien. C\u2019est le propri\u00e9taire qui est responsable en premier lieu.<\/p><p>La responsabilit\u00e9 civile de l\u2019association, de ses dirigeants et de l\u2019animateur pourrait \u00eatre mise en \u0153uvre si des n\u00e9gligences ou imprudences de leur part \u00e9taient constat\u00e9es. Par exemple, le chien a un comportement agressif, son propri\u00e9taire n\u2019intervient pas et l\u2019animateur ne s\u2019en pr\u00e9occupe pas non plus.<\/p><p>M\u00eame chose pour le dirigeant, alert\u00e9 par son animateur, qui demeure inactif.<\/p><p>Donc, lorsque l\u2019animateur et\/ou les dirigeants constatent qu\u2019un animal a un comportement qui risque de compromettre la s\u00e9curit\u00e9 des randonneurs, ils doivent r\u00e9agir. Ils peuvent l\u00e9gitimement demander au propri\u00e9taire de ma\u00eetriser son chien ou de ne plus l\u2019amener en randonn\u00e9e.<\/p><p><strong>Rand\u2019Oz n\u2019interdit pas les chiens en randonn\u00e9es. Cette d\u00e9cision revient \u00e0 l\u2019animateur. Si vous avez un chien, penser \u00e0\u00a0v\u00e9rifier\u00a0aupr\u00e8s de\u00a0l\u2019animateur de la randonn\u00e9e que le chien est accept\u00e9.<\/strong><\/p><\/div><\/div>\n\t\t\t\t<\/div>\n\t\t\t\t\t\t\t\t<\/div>\n\t\t\t\t\t\t<\/div>\n\t\t\t\t<\/div>\n\t\t\t\t\t<\/div>\n\t\t<\/div>\n\t\t\t\t\t<\/div>\n\t\t<\/section>\n\t\t\t\t<section class=\"elementor-section elementor-top-section elementor-element elementor-element-4013fcf9 elementor-section-boxed elementor-section-height-default elementor-section-height-default\" data-id=\"4013fcf9\" data-element_type=\"section\" data-e-type=\"section\">\n\t\t\t\t\t\t<div class=\"elementor-container elementor-column-gap-default\">\n\t\t\t\t\t<div class=\"elementor-column elementor-col-100 elementor-top-column elementor-element elementor-element-571e8d65\" data-id=\"571e8d65\" data-element_type=\"column\" data-e-type=\"column\">\n\t\t\t<div class=\"elementor-widget-wrap elementor-element-populated\">\n\t\t\t\t\t\t<div class=\"elementor-element elementor-element-e987f46 elementor-widget elementor-widget-spacer\" data-id=\"e987f46\" data-element_type=\"widget\" data-e-type=\"widget\" data-widget_type=\"spacer.default\">\n\t\t\t\t<div class=\"elementor-widget-container\">\n\t\t\t\t\t\t\t<div class=\"elementor-spacer\">\n\t\t\t<div class=\"elementor-spacer-inner\"><\/div>\n\t\t<\/div>\n\t\t\t\t\t\t<\/div>\n\t\t\t\t<\/div>\n\t\t\t\t\t<\/div>\n\t\t<\/div>\n\t\t\t\t\t<\/div>\n\t\t<\/section>\n\t\t\t\t<section class=\"elementor-section elementor-top-section elementor-element elementor-element-54074878 elementor-section-boxed elementor-section-height-default elementor-section-height-default\" data-id=\"54074878\" data-element_type=\"section\" data-e-type=\"section\">\n\t\t\t\t\t\t<div class=\"elementor-container elementor-column-gap-default\">\n\t\t\t\t\t<div class=\"elementor-column elementor-col-100 elementor-top-column elementor-element elementor-element-7b88ee8f\" data-id=\"7b88ee8f\" data-element_type=\"column\" data-e-type=\"column\">\n\t\t\t<div class=\"elementor-widget-wrap elementor-element-populated\">\n\t\t\t\t\t\t<div class=\"elementor-element elementor-element-1f8464a2 elementor-widget elementor-widget-heading\" data-id=\"1f8464a2\" data-element_type=\"widget\" data-e-type=\"widget\" data-widget_type=\"heading.default\">\n\t\t\t\t<div class=\"elementor-widget-container\">\n\t\t\t\t\t<h2 class=\"elementor-heading-title elementor-size-default\">S\u00e9curit\u00e9\n<\/h2>\t\t\t\t<\/div>\n\t\t\t\t<\/div>\n\t\t\t\t\t<\/div>\n\t\t<\/div>\n\t\t\t\t\t<\/div>\n\t\t<\/section>\n\t\t\t\t<section class=\"elementor-section elementor-top-section elementor-element elementor-element-4d5dda83 elementor-section-boxed elementor-section-height-default elementor-section-height-default\" data-id=\"4d5dda83\" data-element_type=\"section\" data-e-type=\"section\">\n\t\t\t\t\t\t<div class=\"elementor-container elementor-column-gap-default\">\n\t\t\t\t\t<div class=\"elementor-column elementor-col-100 elementor-top-column elementor-element elementor-element-6609ff30\" data-id=\"6609ff30\" data-element_type=\"column\" data-e-type=\"column\">\n\t\t\t<div class=\"elementor-widget-wrap elementor-element-populated\">\n\t\t\t\t\t\t<div class=\"elementor-element elementor-element-16b22cbd elementor-widget elementor-widget-toggle\" data-id=\"16b22cbd\" data-element_type=\"widget\" data-e-type=\"widget\" data-widget_type=\"toggle.default\">\n\t\t\t\t<div class=\"elementor-widget-container\">\n\t\t\t\t\t\t\t<div class=\"elementor-toggle\">\n\t\t\t\t\t\t\t<div class=\"elementor-toggle-item\">\n\t\t\t\t\t<div id=\"elementor-tab-title-3801\" class=\"elementor-tab-title\" data-tab=\"1\" role=\"button\" aria-controls=\"elementor-tab-content-3801\" aria-expanded=\"false\">\n\t\t\t\t\t\t\t\t\t\t\t\t<span class=\"elementor-toggle-icon elementor-toggle-icon-left\" aria-hidden=\"true\">\n\t\t\t\t\t\t\t\t\t\t\t\t\t\t\t<span class=\"elementor-toggle-icon-closed\"><i class=\"fas fa-caret-right\"><\/i><\/span>\n\t\t\t\t\t\t\t\t<span class=\"elementor-toggle-icon-opened\"><i class=\"elementor-toggle-icon-opened fas fa-caret-up\"><\/i><\/span>\n\t\t\t\t\t\t\t\t\t\t\t\t\t<\/span>\n\t\t\t\t\t\t\t\t\t\t\t\t<a class=\"elementor-toggle-title\" tabindex=\"0\">Randonneur mal \u00e9quip\u00e9<\/a>\n\t\t\t\t\t<\/div>\n\n\t\t\t\t\t<div id=\"elementor-tab-content-3801\" class=\"elementor-tab-content elementor-clearfix\" data-tab=\"1\" role=\"region\" aria-labelledby=\"elementor-tab-title-3801\"><div class=\"entry-content clear\"><p><strong>Un animateur de randonn\u00e9e peut-il refuser un adh\u00e9rent mal chauss\u00e9 ?<\/strong><\/p><p>Comme animateur, il a des obligations de s\u00e9curit\u00e9 envers les adh\u00e9rents et les tiers. Un \u00e9quipement adapt\u00e9 pour la randonn\u00e9e est un des \u00e9l\u00e9ments de la s\u00e9curit\u00e9 des adh\u00e9rents. Il est donc en droit de refuser une personne qui ne serait pas chauss\u00e9e de fa\u00e7on ad\u00e9quate pour la randonn\u00e9e pr\u00e9vue ou plus g\u00e9n\u00e9ralement\u00a0 sans l\u2019\u00e9quipement n\u00e9cessaire (imperm\u00e9able, boisson \u2026).<\/p><p>La responsabilit\u00e9 de l\u2019animateur est engag\u00e9e si, en cas d\u2019accident, il est d\u00e9montr\u00e9 qu\u2019il y a eu faute de sa part (accepter un randonneur mal \u00e9quip\u00e9). C\u2019est la justice qui appr\u00e9cie la sanction.<br \/>Notons qu\u2019 une d\u00e9charge de responsabilit\u00e9 n\u2019a aucune valeur l\u00e9gale.<\/p><p><strong>Equipement du randonneur:<\/strong><\/p><ul><li>chaussures de randonn\u00e9e<\/li><li>polaire<\/li><li>coupe vent<\/li><li>cape de pluie<\/li><li>bonnet (hiver)<\/li><li>gants (hiver)<\/li><li>lunettes de soleil<\/li><li>cr\u00e8me solaire<\/li><li>casquette \/ chapeau<\/li><li>eau (1,5 l)<\/li><li>gobelet<\/li><li>couverts<\/li><li>bol \/ assiette ou petit \u00ab\u00a0tupperwear\u00a0\u00bb<\/li><li>pansements \/ compeed<\/li><li>sa trousse de secours avec ses m\u00e9dicaments personnels<\/li><\/ul><\/div><\/div>\n\t\t\t\t<\/div>\n\t\t\t\t\t\t\t<div class=\"elementor-toggle-item\">\n\t\t\t\t\t<div id=\"elementor-tab-title-3802\" class=\"elementor-tab-title\" data-tab=\"2\" role=\"button\" aria-controls=\"elementor-tab-content-3802\" aria-expanded=\"false\">\n\t\t\t\t\t\t\t\t\t\t\t\t<span class=\"elementor-toggle-icon elementor-toggle-icon-left\" aria-hidden=\"true\">\n\t\t\t\t\t\t\t\t\t\t\t\t\t\t\t<span class=\"elementor-toggle-icon-closed\"><i class=\"fas fa-caret-right\"><\/i><\/span>\n\t\t\t\t\t\t\t\t<span class=\"elementor-toggle-icon-opened\"><i class=\"elementor-toggle-icon-opened fas fa-caret-up\"><\/i><\/span>\n\t\t\t\t\t\t\t\t\t\t\t\t\t<\/span>\n\t\t\t\t\t\t\t\t\t\t\t\t<a class=\"elementor-toggle-title\" tabindex=\"0\">Trousse de secours<\/a>\n\t\t\t\t\t<\/div>\n\n\t\t\t\t\t<div id=\"elementor-tab-content-3802\" class=\"elementor-tab-content elementor-clearfix\" data-tab=\"2\" role=\"region\" aria-labelledby=\"elementor-tab-title-3802\"><p>On distingue en r\u00e9alit\u00e9 deux trousses :<\/p><ul><li>La trousse de l&#8217;animateur (et\/ou du groupe). Il doit emporter la trousse collective contenant uniquement du mat\u00e9riel.<\/li><li>La trousse du randonneur, qui sert \u00e0 ses maladies personnelles. Il doit emporter son mat\u00e9riel de base et ses m\u00e9dicaments sous sa propre responsabilit\u00e9, prescrits ou non par un m\u00e9decin.<\/li><\/ul><p><strong>La trousse de l&#8217;animateur :<\/strong><\/p><ul><li>une paire de petits ciseaux pour couper les compresses, les bandes, sinon les v\u00eatements;<\/li><li>des \u00e9pingles \u00e0 nourrice;<\/li><li>une pince \u00e0 \u00e9charde;<\/li><li>Tire-tiques;<\/li><li>des mouchoirs en papier;<\/li><li>une couverture de survie;<\/li><li>des morceaux de sucre emball\u00e9s individuellement;<\/li><li>pansements;<\/li><li>d\u00e9sinfectant (savon ou d\u00e9sinfectant en dose\/lingettes)<\/li><\/ul><p><strong>A savoir :<br \/><\/strong>Un animateur ne peut donner de m\u00e9dicaments \u00e0 un randonneur sauf si les m\u00e9dicaments proviennent de la trousse de secours du randonneur.<\/p><\/div>\n\t\t\t\t<\/div>\n\t\t\t\t\t\t\t<div class=\"elementor-toggle-item\">\n\t\t\t\t\t<div id=\"elementor-tab-title-3803\" class=\"elementor-tab-title\" data-tab=\"3\" role=\"button\" aria-controls=\"elementor-tab-content-3803\" aria-expanded=\"false\">\n\t\t\t\t\t\t\t\t\t\t\t\t<span class=\"elementor-toggle-icon elementor-toggle-icon-left\" aria-hidden=\"true\">\n\t\t\t\t\t\t\t\t\t\t\t\t\t\t\t<span class=\"elementor-toggle-icon-closed\"><i class=\"fas fa-caret-right\"><\/i><\/span>\n\t\t\t\t\t\t\t\t<span class=\"elementor-toggle-icon-opened\"><i class=\"elementor-toggle-icon-opened fas fa-caret-up\"><\/i><\/span>\n\t\t\t\t\t\t\t\t\t\t\t\t\t<\/span>\n\t\t\t\t\t\t\t\t\t\t\t\t<a class=\"elementor-toggle-title\" tabindex=\"0\">Que faire en cas de sinistre ?<\/a>\n\t\t\t\t\t<\/div>\n\n\t\t\t\t\t<div id=\"elementor-tab-content-3803\" class=\"elementor-tab-content elementor-clearfix\" data-tab=\"3\" role=\"region\" aria-labelledby=\"elementor-tab-title-3803\"><p>En cas de sinistre, veuillez consulter le <a href=\"https:\/\/www.ffrandonnee.fr\/adherer\/la-licence-federale\/licence-que-faire-en-cas-de-sinistre\" target=\"_blank\" rel=\"noopener\">site de la f\u00e9d\u00e9ration.<\/a><\/p><p>Attention la f\u00e9d\u00e9ration a chang\u00e9 d&#8217;assureur. L&#8217;assureur actuel est :<\/p><p>GRAS SAVOYE<br \/>D\u00e9partement Sport et Ev\u00e9nement<br \/>Immeuble quai 33, 33\/34 quai De Dion Bouton<br \/>CS70001<br \/>92814 Puteaux<\/p><p>T\u00e9l. : 09 72 72 01 19 \/ ffrandonnee@grassavoye.com<\/p><\/div>\n\t\t\t\t<\/div>\n\t\t\t\t\t\t\t\t<\/div>\n\t\t\t\t\t\t<\/div>\n\t\t\t\t<\/div>\n\t\t\t\t\t<\/div>\n\t\t<\/div>\n\t\t\t\t\t<\/div>\n\t\t<\/section>\n\t\t\t\t<section class=\"elementor-section elementor-top-section elementor-element elementor-element-759e109c elementor-section-boxed elementor-section-height-default elementor-section-height-default\" data-id=\"759e109c\" data-element_type=\"section\" data-e-type=\"section\">\n\t\t\t\t\t\t<div class=\"elementor-container elementor-column-gap-default\">\n\t\t\t\t\t<div class=\"elementor-column elementor-col-100 elementor-top-column elementor-element elementor-element-4bda320f\" data-id=\"4bda320f\" data-element_type=\"column\" data-e-type=\"column\">\n\t\t\t<div class=\"elementor-widget-wrap elementor-element-populated\">\n\t\t\t\t\t\t<div class=\"elementor-element elementor-element-322b6b8a elementor-widget elementor-widget-spacer\" data-id=\"322b6b8a\" data-element_type=\"widget\" data-e-type=\"widget\" data-widget_type=\"spacer.default\">\n\t\t\t\t<div class=\"elementor-widget-container\">\n\t\t\t\t\t\t\t<div class=\"elementor-spacer\">\n\t\t\t<div class=\"elementor-spacer-inner\"><\/div>\n\t\t<\/div>\n\t\t\t\t\t\t<\/div>\n\t\t\t\t<\/div>\n\t\t\t\t\t<\/div>\n\t\t<\/div>\n\t\t\t\t\t<\/div>\n\t\t<\/section>\n\t\t\t\t<section class=\"elementor-section elementor-top-section elementor-element elementor-element-3ec39978 elementor-section-boxed elementor-section-height-default elementor-section-height-default\" data-id=\"3ec39978\" data-element_type=\"section\" data-e-type=\"section\">\n\t\t\t\t\t\t<div class=\"elementor-container elementor-column-gap-default\">\n\t\t\t\t\t<div class=\"elementor-column elementor-col-100 elementor-top-column elementor-element elementor-element-71fd3800\" data-id=\"71fd3800\" data-element_type=\"column\" data-e-type=\"column\">\n\t\t\t<div class=\"elementor-widget-wrap elementor-element-populated\">\n\t\t\t\t\t\t<div class=\"elementor-element elementor-element-18a9b0af elementor-widget elementor-widget-heading\" data-id=\"18a9b0af\" data-element_type=\"widget\" data-e-type=\"widget\" data-widget_type=\"heading.default\">\n\t\t\t\t<div class=\"elementor-widget-container\">\n\t\t\t\t\t<h2 class=\"elementor-heading-title elementor-size-default\"><a href=\"https:\/\/www.ffrandonnee.fr\/s-informer\/faq?page=1\" target=\"_blank\">Foire aux questions de la f\u00e9d\u00e9ration\n<\/a><\/h2>\t\t\t\t<\/div>\n\t\t\t\t<\/div>\n\t\t\t\t\t<\/div>\n\t\t<\/div>\n\t\t\t\t\t<\/div>\n\t\t<\/section>\n\t\t\t\t<\/div>\n\t\t","protected":false},"excerpt":{"rendered":"<p>Foire aux questions Rando &amp; nature Quelles sont les r\u00e8gles \u00e0 respecter ? Charte du randonneurLa nature est notre \u201cterrain de jeu\u201d, alors respectons la. Quelques\u00a0conseils \u00e0 suivre pour limiter l\u2019impact de nos randonn\u00e9es sur notre environnement\u2026 Respectons les espaces prot\u00e9g\u00e9s (r\u00e9glementation des parcs nationaux et r\u00e9gionaux notamment), Restons sur les sentiers, \u00e9vitons de prendre [&hellip;]<\/p>\n","protected":false},"author":291,"featured_media":0,"parent":0,"menu_order":0,"comment_status":"closed","ping_status":"closed","template":"","meta":{"site-sidebar-layout":"no-sidebar","site-content-layout":"page-builder","ast-site-content-layout":"default","site-content-style":"default","site-sidebar-style":"default","ast-global-header-display":"","ast-banner-title-visibility":"","ast-main-header-display":"","ast-hfb-above-header-display":"","ast-hfb-below-header-display":"","ast-hfb-mobile-header-display":"","site-post-title":"disabled","ast-breadcrumbs-content":"","ast-featured-img":"disabled","footer-sml-layout":"","ast-disable-related-posts":"","theme-transparent-header-meta":"default","adv-header-id-meta":"","stick-header-meta":"","header-above-stick-meta":"","header-main-stick-meta":"","header-below-stick-meta":"","astra-migrate-meta-layouts":"set","ast-page-background-enabled":"default","ast-page-background-meta":{"desktop":{"background-color":"var(--ast-global-color-4)","background-image":"","background-repeat":"repeat","background-position":"center center","background-size":"auto","background-attachment":"scroll","background-type":"","background-media":"","overlay-type":"","overlay-color":"","overlay-opacity":"","overlay-gradient":""},"tablet":{"background-color":"","background-image":"","background-repeat":"repeat","background-position":"center center","background-size":"auto","background-attachment":"scroll","background-type":"","background-media":"","overlay-type":"","overlay-color":"","overlay-opacity":"","overlay-gradient":""},"mobile":{"background-color":"","background-image":"","background-repeat":"repeat","background-position":"center center","background-size":"auto","background-attachment":"scroll","background-type":"","background-media":"","overlay-type":"","overlay-color":"","overlay-opacity":"","overlay-gradient":""}},"ast-content-background-meta":{"desktop":{"background-color":"var(--ast-global-color-5)","background-image":"","background-repeat":"repeat","background-position":"center center","background-size":"auto","background-attachment":"scroll","background-type":"","background-media":"","overlay-type":"","overlay-color":"","overlay-opacity":"","overlay-gradient":""},"tablet":{"background-color":"var(--ast-global-color-5)","background-image":"","background-repeat":"repeat","background-position":"center center","background-size":"auto","background-attachment":"scroll","background-type":"","background-media":"","overlay-type":"","overlay-color":"","overlay-opacity":"","overlay-gradient":""},"mobile":{"background-color":"var(--ast-global-color-5)","background-image":"","background-repeat":"repeat","background-position":"center center","background-size":"auto","background-attachment":"scroll","background-type":"","background-media":"","overlay-type":"","overlay-color":"","overlay-opacity":"","overlay-gradient":""}},"footnotes":""},"class_list":["post-11513","page","type-page","status-publish","hentry"],"_links":{"self":[{"href":"https:\/\/www.rand-oz.fr\/index.php?rest_route=\/wp\/v2\/pages\/11513","targetHints":{"allow":["GET"]}}],"collection":[{"href":"https:\/\/www.rand-oz.fr\/index.php?rest_route=\/wp\/v2\/pages"}],"about":[{"href":"https:\/\/www.rand-oz.fr\/index.php?rest_route=\/wp\/v2\/types\/page"}],"author":[{"embeddable":true,"href":"https:\/\/www.rand-oz.fr\/index.php?rest_route=\/wp\/v2\/users\/291"}],"replies":[{"embeddable":true,"href":"https:\/\/www.rand-oz.fr\/index.php?rest_route=%2Fwp%2Fv2%2Fcomments&post=11513"}],"version-history":[{"count":28,"href":"https:\/\/www.rand-oz.fr\/index.php?rest_route=\/wp\/v2\/pages\/11513\/revisions"}],"predecessor-version":[{"id":14213,"href":"https:\/\/www.rand-oz.fr\/index.php?rest_route=\/wp\/v2\/pages\/11513\/revisions\/14213"}],"wp:attachment":[{"href":"https:\/\/www.rand-oz.fr\/index.php?rest_route=%2Fwp%2Fv2%2Fmedia&parent=11513"}],"curies":[{"name":"wp","href":"https:\/\/api.w.org\/{rel}","templated":true}]}}